{"id":240,"date":"2019-07-09T14:00:56","date_gmt":"2019-07-09T14:00:56","guid":{"rendered":"http:\/\/awida.ch\/wordpress\/?page_id=240"},"modified":"2026-08-11T15:04:48","modified_gmt":"2026-08-11T15:04:48","slug":"news-neu","status":"publish","type":"page","link":"https:\/\/www.awida.ch\/index.php\/news-neu\/","title":{"rendered":"News"},"content":{"rendered":"\t\t<div data-elementor-type=\"wp-post\" data-elementor-id=\"240\" class=\"elementor elementor-240\">\n\t\t\t\t\t\t<div class=\"elementor-inner\">\n\t\t\t\t<div class=\"elementor-section-wrap\">\n\t\t\t\t\t\t\t\t\t<section class=\"elementor-section elementor-top-section elementor-element elementor-element-2d57a6cc elementor-section-boxed elementor-section-height-default elementor-section-height-default\" data-id=\"2d57a6cc\" data-element_type=\"section\">\n\t\t\t\t\t\t<div class=\"elementor-container elementor-column-gap-default\">\n\t\t\t\t\t\t\t<div class=\"elementor-row\">\n\t\t\t\t\t<div class=\"elementor-column elementor-col-100 elementor-top-column elementor-element elementor-element-5c0116d0\" data-id=\"5c0116d0\" data-element_type=\"column\">\n\t\t\t<div class=\"elementor-column-wrap elementor-element-populated\">\n\t\t\t\t\t\t\t<div class=\"elementor-widget-wrap\">\n\t\t\t\t\t\t<div class=\"elementor-element elementor-element-26bef57 elementor-widget elementor-widget-heading\" data-id=\"26bef57\" data-element_type=\"widget\" data-widget_type=\"heading.default\">\n\t\t\t\t<div class=\"elementor-widget-container\">\n\t\t\t<h2 class=\"elementor-heading-title elementor-size-default\">NEWS<\/h2>\t\t<\/div>\n\t\t\t\t<\/div>\n\t\t\t\t<div class=\"elementor-element elementor-element-1011f61 elementor-widget elementor-widget-text-editor\" data-id=\"1011f61\" data-element_type=\"widget\" data-widget_type=\"text-editor.default\">\n\t\t\t\t<div class=\"elementor-widget-container\">\n\t\t\t\t\t\t\t\t<div class=\"elementor-text-editor elementor-clearfix\">\n\t\t\t\t<p><span style=\"font-size: 8pt;\">11.08.2026<\/span><\/p><p><strong>Einf\u00fchrung Bearbeitungs- und Mahngeb\u00fchren<\/strong><\/p><p style=\"text-align: justify;\">Seit dem Umstellen auf die elektronische Abrechnung inkl. dem Versenden der Patientenkopien entstehen der Praxis monatlich zus\u00e4tzliche Kosten. Die Einf\u00fchrung erfolgte aufgrund der Vorgaben im Gesundheitswesen und liegt nicht im Ermessen unserer Praxis. Seit Jahren steigen die Kosten und dei Anforderungen, welche an uns gestellt werden.\u00a0 Ich m\u00f6chte Sie daher dar\u00fcber informieren, dass bei zus\u00e4tzlichem Bearbeitungsaufwand entsprechende Beratungs- und Bearbeitungsgeb\u00fchren sowie Mahn-geb\u00fchren privat in Rechnung gestellt werden k\u00f6nnen. Wir danken Ihnen f\u00fcr Ihr Verst\u00e4ndnis.\u00a0<\/p>\t\t\t\t\t<\/div>\n\t\t\t\t\t\t<\/div>\n\t\t\t\t<\/div>\n\t\t\t\t<div class=\"elementor-element elementor-element-623fdfd elementor-widget-divider--view-line elementor-widget elementor-widget-divider\" data-id=\"623fdfd\" data-element_type=\"widget\" data-widget_type=\"divider.default\">\n\t\t\t\t<div class=\"elementor-widget-container\">\n\t\t\t\t\t<div class=\"elementor-divider\">\n\t\t\t<span class=\"elementor-divider-separator\">\n\t\t\t\t\t\t<\/span>\n\t\t<\/div>\n\t\t\t\t<\/div>\n\t\t\t\t<\/div>\n\t\t\t\t<div class=\"elementor-element elementor-element-a7c3c33 elementor-widget elementor-widget-text-editor\" data-id=\"a7c3c33\" data-element_type=\"widget\" data-widget_type=\"text-editor.default\">\n\t\t\t\t<div class=\"elementor-widget-container\">\n\t\t\t\t\t\t\t\t<div class=\"elementor-text-editor elementor-clearfix\">\n\t\t\t\t<p><span style=\"font-size: 8pt;\">22.06.2026<\/span><\/p><p><strong>100% geben. 70% bekommen. Finden Sie das gerecht?<\/strong><\/p><p style=\"text-align: justify;\">Mit diesem Slogan startete Physioswiss vor ein paar Tagen eine nationale Kampagne f\u00fcr faire Tarife in der Physiotherapie \u2013 sie macht auf eine Situation aufmerksam, die viele Physiotherapeuten und Physiotherapeutinnen seit Jahren besch\u00e4ftigt.<\/p><p style=\"text-align: justify;\">Die Bedeutung unserer Leistungen w\u00e4chst, die Verg\u00fctung hat sich jedoch kaum weiterentwickelt.<\/p><p style=\"text-align: justify;\">\u00a0<\/p><p style=\"text-align: justify;\">Ziel ist es, den politischen Entscheidungstr\u00e4gern zu zeigen: Faire Tarife sichern eine starke physiotherapeutische Versorgung \u2013 und liegen damit im Interesse der gesamten Bev\u00f6lkerung. Je mehr Menschen die Petitionen unterst\u00fctzen, desto st\u00e4rker ist das Signal an die zust\u00e4ndigen Beh\u00f6rden: Die Physiotherapie braucht faire Tarife. Daher bitten wir Sie, die Physiotherapie und unsere Arbeit zu unterst\u00fctzen, indem Sie die Petition unterschreiben. Wir danken Ihnen herzlich f\u00fcr Ihre Unterst\u00fctzung!<\/p><p>\u00a0<\/p><p><a href=\"https:\/\/www.openpetition.eu\/ch\/petition\/online\/fuer-eine-gesicherte-und-wohnortsnahe-physiotherapie-im-kanton-basel-landschaft\">https:\/\/www.openpetition.eu\/ch\/petition\/online\/fuer-eine-gesicherte-und-wohnortsnahe-physiotherapie-im-kanton-basel-landschaft<\/a><\/p>\t\t\t\t\t<\/div>\n\t\t\t\t\t\t<\/div>\n\t\t\t\t<\/div>\n\t\t\t\t<div class=\"elementor-element elementor-element-a437f8c elementor-widget-divider--view-line elementor-widget elementor-widget-divider\" data-id=\"a437f8c\" data-element_type=\"widget\" data-widget_type=\"divider.default\">\n\t\t\t\t<div class=\"elementor-widget-container\">\n\t\t\t\t\t<div class=\"elementor-divider\">\n\t\t\t<span class=\"elementor-divider-separator\">\n\t\t\t\t\t\t<\/span>\n\t\t<\/div>\n\t\t\t\t<\/div>\n\t\t\t\t<\/div>\n\t\t\t\t<div class=\"elementor-element elementor-element-a594c10 elementor-widget elementor-widget-text-editor\" data-id=\"a594c10\" data-element_type=\"widget\" data-widget_type=\"text-editor.default\">\n\t\t\t\t<div class=\"elementor-widget-container\">\n\t\t\t\t\t\t\t\t<div class=\"elementor-text-editor elementor-clearfix\">\n\t\t\t\t<p><span style=\"font-size: 8pt;\">04.06.2026<\/span><\/p><p><strong>Gut zu wissen<\/strong><\/p><p style=\"text-align: justify;\">Es stellt sich immer wieder die Frage, wie Verordnungen innerhalb einer Therapie gez\u00e4hlt werden. Die m\u00f6glichen vier mal neun Sitzungen werden dabei pro Fall gez\u00e4hlt. Das Kalenderjahr spielt keine Rolle. Zudem muss ab der 37. Behandlung eine Kostengutsprache bei der Krankenkasse gestellt werden. Daf\u00fcr gibt es ein neues, offizielles Formular, welches sowohl der verordnende Arzt wie auch die Physiotherapeutin ausf\u00fcllen und danach bei der Krankenkasse eingereicht werden muss. Diese entscheidet dann, ob weitere Kosten \u00fcber die Grundversicherung \u00fcbernommen werden und wenn ja, wie viele Sitzungen gutgesprochen werden. Dies wird von den Krankenkasse verlangt und bedarf einer guten Zusammenarbeit.<\/p><p>\u00a0<\/p><p>Das Verordungsformular ist \u00fcber folgenden link abrufbar:<\/p><p><a href=\"https:\/\/physioswiss.ch\/wp-content\/uploads\/sites\/1\/verordnungsformular_physiotherapie_de_js-1.pdf\">https:\/\/physioswiss.ch\/wp-content\/uploads\/sites\/1\/verordnungsformular_physiotherapie_de_js-1.pdf<\/a><\/p>\t\t\t\t\t<\/div>\n\t\t\t\t\t\t<\/div>\n\t\t\t\t<\/div>\n\t\t\t\t<div class=\"elementor-element elementor-element-40bfba2 elementor-widget-divider--view-line elementor-widget elementor-widget-divider\" data-id=\"40bfba2\" data-element_type=\"widget\" data-widget_type=\"divider.default\">\n\t\t\t\t<div class=\"elementor-widget-container\">\n\t\t\t\t\t<div class=\"elementor-divider\">\n\t\t\t<span class=\"elementor-divider-separator\">\n\t\t\t\t\t\t<\/span>\n\t\t<\/div>\n\t\t\t\t<\/div>\n\t\t\t\t<\/div>\n\t\t\t\t<div class=\"elementor-element elementor-element-8ecb82e elementor-widget elementor-widget-text-editor\" data-id=\"8ecb82e\" data-element_type=\"widget\" data-widget_type=\"text-editor.default\">\n\t\t\t\t<div class=\"elementor-widget-container\">\n\t\t\t\t\t\t\t\t<div class=\"elementor-text-editor elementor-clearfix\">\n\t\t\t\t<p><span style=\"font-size: 8pt;\">23.12.2025<\/span><\/p><p><strong>Fr\u00f6hliche Weihnachten!<\/strong><\/p><p style=\"text-align: justify;\">Ein bewegtes und lehrreiches sowie sch\u00f6nes Jahr 2025 geht langsam zu Ende. Die Tage werden ruhiger und bald ist Weihnachten. Wir w\u00fcnschen Ihnen und Ihren Lieben f\u00fcr diese besinnliche Zeit alles Gute, Entschleunigung und frohe Stunden. Diese Zeit eignet sich wunderbar, um inne zu halten und den Alltag ein bisschen auf die Seite zu schieben. Wir freuen uns sehr auf diese kleine Auszeit, um auch wieder Kraft zu tanken f\u00fcr das neue Jahr, in welchem wir mit Engagement und Freude wieder f\u00fcr Sie da sein m\u00f6chten. Unsere \u00d6ffnungszeiten: Wir sind ab morgen Mittwoch, 24.12.25 bis 28.12.25 abwesend sowie vom 30.12.25 bis 04.01.26. Notfalltermine k\u00f6nnen am 29.12.25 sowie am 31.12.25 auf Anfrage per Mail gebucht werden.\u00a0<\/p>\t\t\t\t\t<\/div>\n\t\t\t\t\t\t<\/div>\n\t\t\t\t<\/div>\n\t\t\t\t<div class=\"elementor-element elementor-element-d01dc34 elementor-widget-divider--view-line elementor-widget elementor-widget-divider\" data-id=\"d01dc34\" data-element_type=\"widget\" data-widget_type=\"divider.default\">\n\t\t\t\t<div class=\"elementor-widget-container\">\n\t\t\t\t\t<div class=\"elementor-divider\">\n\t\t\t<span class=\"elementor-divider-separator\">\n\t\t\t\t\t\t<\/span>\n\t\t<\/div>\n\t\t\t\t<\/div>\n\t\t\t\t<\/div>\n\t\t\t\t<div class=\"elementor-element elementor-element-04e5d14 elementor-widget elementor-widget-text-editor\" data-id=\"04e5d14\" data-element_type=\"widget\" data-widget_type=\"text-editor.default\">\n\t\t\t\t<div class=\"elementor-widget-container\">\n\t\t\t\t\t\t\t\t<div class=\"elementor-text-editor elementor-clearfix\">\n\t\t\t\t<p><span style=\"font-size: 8pt;\">21.08.2025<\/span><\/p><p><strong>Info \u00d6ffnungszeiten<\/strong><\/p><p style=\"text-align: justify;\">Die Praxis bleibt morgen Freitag, 22.8.25 sowie am darauf kommenden Freitag, 29.08.25 wegen Weiterbildung und Ferienabwesen-heit des Teams geschlossen. An den restlichen Tagen sind wir wie gewohnt anwesend. <\/p>\t\t\t\t\t<\/div>\n\t\t\t\t\t\t<\/div>\n\t\t\t\t<\/div>\n\t\t\t\t<div class=\"elementor-element elementor-element-26561d0 elementor-widget-divider--view-line elementor-widget elementor-widget-divider\" data-id=\"26561d0\" data-element_type=\"widget\" data-widget_type=\"divider.default\">\n\t\t\t\t<div class=\"elementor-widget-container\">\n\t\t\t\t\t<div class=\"elementor-divider\">\n\t\t\t<span class=\"elementor-divider-separator\">\n\t\t\t\t\t\t<\/span>\n\t\t<\/div>\n\t\t\t\t<\/div>\n\t\t\t\t<\/div>\n\t\t\t\t<div class=\"elementor-element elementor-element-332c2c4 elementor-widget elementor-widget-text-editor\" data-id=\"332c2c4\" data-element_type=\"widget\" data-widget_type=\"text-editor.default\">\n\t\t\t\t<div class=\"elementor-widget-container\">\n\t\t\t\t\t\t\t\t<div class=\"elementor-text-editor elementor-clearfix\">\n\t\t\t\t<p><span style=\"font-size: 8pt;\">06.05.2025<\/span><\/p><p><strong>Willkommen liebe Nora!<\/strong><\/p><p>Unser Team ist wieder vollst\u00e4ndig: wir begr\u00fcssen Nora M\u00fcller ganz herzlich und freuen uns riesig auf die Zusammenarbeit mit ihr! Es ist sehr sch\u00f6n, dass wir jemanden finden konnten, der so gut zu uns und zu unserer Philosohie passt. Wir w\u00fcnschen Nora weiterhin gutes Ankommen und einen freudigen Wiedereinstieg in den Beruf als Physiotherapeutin. Herzlich willkommen!<\/p>\t\t\t\t\t<\/div>\n\t\t\t\t\t\t<\/div>\n\t\t\t\t<\/div>\n\t\t\t\t<div class=\"elementor-element elementor-element-1753e76 elementor-widget__width-auto elementor-widget elementor-widget-image\" data-id=\"1753e76\" data-element_type=\"widget\" data-widget_type=\"image.default\">\n\t\t\t\t<div class=\"elementor-widget-container\">\n\t\t\t\t\t\t\t\t<div class=\"elementor-image\">\n\t\t\t\t\t\t\t\t\t<figure class=\"wp-caption\">\n\t\t\t\t\t\t\t\t\t\t<img loading=\"lazy\" decoding=\"async\" width=\"279\" height=\"300\" src=\"https:\/\/www.awida.ch\/wp-content\/uploads\/2025\/05\/IMG_2890-scaled-e1746557859647-279x300.jpg\" class=\"attachment-medium size-medium wp-image-1011\" alt=\"\" srcset=\"https:\/\/www.awida.ch\/wp-content\/uploads\/2025\/05\/IMG_2890-scaled-e1746557859647-279x300.jpg 279w, https:\/\/www.awida.ch\/wp-content\/uploads\/2025\/05\/IMG_2890-scaled-e1746557859647-953x1024.jpg 953w, https:\/\/www.awida.ch\/wp-content\/uploads\/2025\/05\/IMG_2890-scaled-e1746557859647-768x825.jpg 768w, https:\/\/www.awida.ch\/wp-content\/uploads\/2025\/05\/IMG_2890-scaled-e1746557859647-1200x1289.jpg 1200w, https:\/\/www.awida.ch\/wp-content\/uploads\/2025\/05\/IMG_2890-scaled-e1746557859647-300x322.jpg 300w, https:\/\/www.awida.ch\/wp-content\/uploads\/2025\/05\/IMG_2890-scaled-e1746557859647.jpg 1346w\" sizes=\"auto, (max-width: 279px) 100vw, 279px\" \/>\t\t\t\t\t\t\t\t\t\t\t<figcaption class=\"widget-image-caption wp-caption-text\"> Nora M\u00fcller, diplomierte Physiotherapeutin FH<\/figcaption>\n\t\t\t\t\t\t\t\t\t\t<\/figure>\n\t\t\t\t\t\t\t\t<\/div>\n\t\t\t\t\t\t<\/div>\n\t\t\t\t<\/div>\n\t\t\t\t<div class=\"elementor-element elementor-element-2e21858 elementor-widget-divider--view-line elementor-widget elementor-widget-divider\" data-id=\"2e21858\" data-element_type=\"widget\" data-widget_type=\"divider.default\">\n\t\t\t\t<div class=\"elementor-widget-container\">\n\t\t\t\t\t<div class=\"elementor-divider\">\n\t\t\t<span class=\"elementor-divider-separator\">\n\t\t\t\t\t\t<\/span>\n\t\t<\/div>\n\t\t\t\t<\/div>\n\t\t\t\t<\/div>\n\t\t\t\t<div class=\"elementor-element elementor-element-3d8ecb6 elementor-widget elementor-widget-text-editor\" data-id=\"3d8ecb6\" data-element_type=\"widget\" data-widget_type=\"text-editor.default\">\n\t\t\t\t<div class=\"elementor-widget-container\">\n\t\t\t\t\t\t\t\t<div class=\"elementor-text-editor elementor-clearfix\">\n\t\t\t\t<p><span style=\"font-size: 8pt;\">28.02.2025<\/span><\/p><p><strong>Abschied Frau Claudia Mangold<\/strong><\/p><p>Nach fast zwei Jahren haben wir gestern Frau Claudia Mangold aus der Praxis verabschiedet. Wir w\u00fcnschen ihr alles Gute f\u00fcr den wohlverdienten Ruhestand und bedanken uns f\u00fcr die geleistete Arbeit f\u00fcr die Praxis Awida.<\/p>\t\t\t\t\t<\/div>\n\t\t\t\t\t\t<\/div>\n\t\t\t\t<\/div>\n\t\t\t\t<div class=\"elementor-element elementor-element-f582f95 elementor-widget-divider--view-line elementor-widget elementor-widget-divider\" data-id=\"f582f95\" data-element_type=\"widget\" data-widget_type=\"divider.default\">\n\t\t\t\t<div class=\"elementor-widget-container\">\n\t\t\t\t\t<div class=\"elementor-divider\">\n\t\t\t<span class=\"elementor-divider-separator\">\n\t\t\t\t\t\t<\/span>\n\t\t<\/div>\n\t\t\t\t<\/div>\n\t\t\t\t<\/div>\n\t\t\t\t<div class=\"elementor-element elementor-element-16b5b31 elementor-widget elementor-widget-text-editor\" data-id=\"16b5b31\" data-element_type=\"widget\" data-widget_type=\"text-editor.default\">\n\t\t\t\t<div class=\"elementor-widget-container\">\n\t\t\t\t\t\t\t\t<div class=\"elementor-text-editor elementor-clearfix\">\n\t\t\t\t<p><span style=\"font-size: 8pt;\">24.01.2025<\/span><\/p><p style=\"text-align: justify;\"><strong>Verst\u00e4rkung gesucht!<\/strong><\/p><p style=\"text-align: justify;\">Aufgrund der endg\u00fcltigen Pensionierung von Claudia Mangold suchen wir einen Ersatz f\u00fcr sie nach Vereinbarung. Hast du Freude an deinem Beruf, bist zuverl\u00e4ssig und f\u00fchlst dich wohl in einem kleineren Team? Egal ob Wiedereinsteiger oder pensionierte Physio: herzlich Willkommen! Wir suchen jemanden, der in unsere Praxis passt und unsere Philosophie teilt:<\/p><p style=\"text-align: justify;\">Unsere Praxis mit hohem Anspruch an Professionalit\u00e4t und Fachlichkeit befindet sich in M\u00fcnchenstein, wo wir in grossz\u00fcgigen Praxisr\u00e4umen arbeiten und ein sehr nettes Patientenklientel aus allen medizinischen Bereichen betreuen. Bei unserem ganzheitlichen Denken steht der Mensch im Vordergrund und wir sind t\u00e4glich bestrebt, unsere Patienten mit unserem Fachwissen bestm\u00f6glich zu behandeln und zu unterst\u00fctzen. Eine aktive und individuelle Therapie auf Augenh\u00f6he ist unser Ziel. Wir legen grossen Wert auf eine gute Work-Life-Balance und auf die eigene berufliche und pers\u00f6nliche Weiterentwicklung. Dies darf gerne auch im Alternativbereich sein. Auf unsere neue Mitarbeiterin oder Mitarbeiter warten ein sehr engagiertes und erfahrenes Team, geregelte und individuelle Arbeitszeiten und die M\u00f6glichkeit, sich bei uns pers\u00f6nlich einzubringen.<\/p><p>\u00a0<\/p><p style=\"text-align: justify;\">\u00dcber deine schriftliche Bewerbung per Mail an: awida@hin.ch oder an folgende Adresse: Andrea Wicki, Langackerstrasse 11, 4142 M\u00fcnchenstein w\u00fcrde ich mich sehr freuen!<\/p>\t\t\t\t\t<\/div>\n\t\t\t\t\t\t<\/div>\n\t\t\t\t<\/div>\n\t\t\t\t<div class=\"elementor-element elementor-element-8a4dfbe elementor-widget-divider--view-line elementor-widget elementor-widget-divider\" data-id=\"8a4dfbe\" data-element_type=\"widget\" data-widget_type=\"divider.default\">\n\t\t\t\t<div class=\"elementor-widget-container\">\n\t\t\t\t\t<div class=\"elementor-divider\">\n\t\t\t<span class=\"elementor-divider-separator\">\n\t\t\t\t\t\t<\/span>\n\t\t<\/div>\n\t\t\t\t<\/div>\n\t\t\t\t<\/div>\n\t\t\t\t<div class=\"elementor-element elementor-element-f04434d elementor-widget elementor-widget-text-editor\" data-id=\"f04434d\" data-element_type=\"widget\" data-widget_type=\"text-editor.default\">\n\t\t\t\t<div class=\"elementor-widget-container\">\n\t\t\t\t\t\t\t\t<div class=\"elementor-text-editor elementor-clearfix\">\n\t\t\t\t<p><span style=\"font-size: 8pt;\">24.12.2024<\/span><\/p><p><strong>Frohe Weihnachten!<\/strong><\/p><p style=\"text-align: justify;\">Wir w\u00fcnschen allen wundersch\u00f6ne Weihnachten und eine besinnliche Zeit zwischen den Jahren. Die Praxis bleibt bis zum 27.12. geschlossen, anschliessend sind wir wieder f\u00fcr Sie da. Wir sind sehr dankbar f\u00fcr ein ereignisreiches, erfolgreiches und herausforderndes 2024 und w\u00fcnschen f\u00fcr alle viel Erfolg und Gesundheit f\u00fcr das kommende Jahr.<\/p>\t\t\t\t\t<\/div>\n\t\t\t\t\t\t<\/div>\n\t\t\t\t<\/div>\n\t\t\t\t<div class=\"elementor-element elementor-element-d4b9c2c elementor-widget-divider--view-line elementor-widget elementor-widget-divider\" data-id=\"d4b9c2c\" data-element_type=\"widget\" data-widget_type=\"divider.default\">\n\t\t\t\t<div class=\"elementor-widget-container\">\n\t\t\t\t\t<div class=\"elementor-divider\">\n\t\t\t<span class=\"elementor-divider-separator\">\n\t\t\t\t\t\t<\/span>\n\t\t<\/div>\n\t\t\t\t<\/div>\n\t\t\t\t<\/div>\n\t\t\t\t<div class=\"elementor-element elementor-element-f1f3dcd elementor-widget elementor-widget-text-editor\" data-id=\"f1f3dcd\" data-element_type=\"widget\" data-widget_type=\"text-editor.default\">\n\t\t\t\t<div class=\"elementor-widget-container\">\n\t\t\t\t\t\t\t\t<div class=\"elementor-text-editor elementor-clearfix\">\n\t\t\t\t<p><span style=\"font-size: 8pt;\">18.12.2024<\/span><\/p><p><strong>\u00d6ffnungszeiten diesen Freitag<\/strong><\/p><p>Die Praxis bleibt am Freitag, 20.12.2024 aufgrund von Weiterbildungen geschlossen. Wir sind gerne am Montag wieder f\u00fcr Sie da.<\/p>\t\t\t\t\t<\/div>\n\t\t\t\t\t\t<\/div>\n\t\t\t\t<\/div>\n\t\t\t\t<div class=\"elementor-element elementor-element-6f97fd4 elementor-widget-divider--view-line elementor-widget elementor-widget-divider\" data-id=\"6f97fd4\" data-element_type=\"widget\" data-widget_type=\"divider.default\">\n\t\t\t\t<div class=\"elementor-widget-container\">\n\t\t\t\t\t<div class=\"elementor-divider\">\n\t\t\t<span class=\"elementor-divider-separator\">\n\t\t\t\t\t\t<\/span>\n\t\t<\/div>\n\t\t\t\t<\/div>\n\t\t\t\t<\/div>\n\t\t\t\t<div class=\"elementor-element elementor-element-4d8b01c elementor-widget elementor-widget-text-editor\" data-id=\"4d8b01c\" data-element_type=\"widget\" data-widget_type=\"text-editor.default\">\n\t\t\t\t<div class=\"elementor-widget-container\">\n\t\t\t\t\t\t\t\t<div class=\"elementor-text-editor elementor-clearfix\">\n\t\t\t\t<p><span style=\"font-size: 8pt;\">26.11.2024<\/span><\/p><p><strong>Klassische Massage mit Zusatzversicherung<\/strong><\/p><p style=\"text-align: justify;\">Ich habe mich beim EMR zus\u00e4tzlich zu meiner Zertifizierung f\u00fcr die Craniosacral Therapie Nr. 4071 und 53 nun auch f\u00fcr die Klassische Massage Nr. 102 eintragen lassen und kann daher mein Angebot erweitern: gerne biete ich bei Bedarf Massagen an, welche \u00fcber die Zusatzversicherungen (VVG) abgedeckt sind und f\u00fcr welche keine \u00e4rztlichen Verordnungen ben\u00f6tigt werden. Ich freue mich, Sie im Rahmen einer komplement\u00e4rtherapeutischen Behandlung mit unterst\u00fctzenden Massagen begleiten zu k\u00f6nnen.<\/p>\t\t\t\t\t<\/div>\n\t\t\t\t\t\t<\/div>\n\t\t\t\t<\/div>\n\t\t\t\t<div class=\"elementor-element elementor-element-448fe6d elementor-widget-divider--view-line elementor-widget elementor-widget-divider\" data-id=\"448fe6d\" data-element_type=\"widget\" data-widget_type=\"divider.default\">\n\t\t\t\t<div class=\"elementor-widget-container\">\n\t\t\t\t\t<div class=\"elementor-divider\">\n\t\t\t<span class=\"elementor-divider-separator\">\n\t\t\t\t\t\t<\/span>\n\t\t<\/div>\n\t\t\t\t<\/div>\n\t\t\t\t<\/div>\n\t\t\t\t<div class=\"elementor-element elementor-element-de04eb7 elementor-widget elementor-widget-text-editor\" data-id=\"de04eb7\" data-element_type=\"widget\" data-widget_type=\"text-editor.default\">\n\t\t\t\t<div class=\"elementor-widget-container\">\n\t\t\t\t\t\t\t\t<div class=\"elementor-text-editor elementor-clearfix\">\n\t\t\t\t<p><span style=\"font-size: 8pt;\">18. 09.2024<\/span><\/p><p><strong>Liebe Frauen!<\/strong><\/p><p style=\"text-align: justify;\">Nachdem ich vor ein paar Wochen an einer Zoomweiterbildung mit Alaya Chikly &#8222;Holistic Relationships&#8220; teilgenommen hatte, wollte ich mich dem Thema Frau neben den in der Physio- und Craniosacraltherapie bekannten und oft thematisierten Beschwerden im Beckenbereich (wie Schmerzen an den Iliosacralgelenken, H\u00fcftproblemen wie Arthrose oder Operationen mit Totalprothesen, Urin- und Stuhlinkontinenz) einem andreren, wichtigen Aspekt, der weiblichen Sexualit\u00e4t, ein wenig mehr widmen. Ich stelle immer wieder fest, dass dieses Thema von meinen Kundinnen in den Therapiesitzungen kaum angesprochen wird, obwohl sicherlich bei manchen viele Fragen, Unklarkeiten oder Probleme vorhanden sind. Daher nahm ich an einer Weiterbildung zum Thema &#8222;Weibliches Becken- Weibliche Sexualit\u00e4t&#8220; bei Regina Widmer, Gyn\u00e4kologin und Sexologin, teil. Ich freue mich sehr, mehr Werkzeuge in meiner beratenden Funktion erhalten zu haben und auch darauf, dieses erlernte Wissen bei Bedarf in meine Therapien einfliessen lassen zu k\u00f6nnen.<\/p>\t\t\t\t\t<\/div>\n\t\t\t\t\t\t<\/div>\n\t\t\t\t<\/div>\n\t\t\t\t<div class=\"elementor-element elementor-element-8335a59 elementor-widget-divider--view-line elementor-widget elementor-widget-divider\" data-id=\"8335a59\" data-element_type=\"widget\" data-widget_type=\"divider.default\">\n\t\t\t\t<div class=\"elementor-widget-container\">\n\t\t\t\t\t<div class=\"elementor-divider\">\n\t\t\t<span class=\"elementor-divider-separator\">\n\t\t\t\t\t\t<\/span>\n\t\t<\/div>\n\t\t\t\t<\/div>\n\t\t\t\t<\/div>\n\t\t\t\t<div class=\"elementor-element elementor-element-16df373 elementor-widget elementor-widget-text-editor\" data-id=\"16df373\" data-element_type=\"widget\" data-widget_type=\"text-editor.default\">\n\t\t\t\t<div class=\"elementor-widget-container\">\n\t\t\t\t\t\t\t\t<div class=\"elementor-text-editor elementor-clearfix\">\n\t\t\t\t<p><span style=\"font-size: 8pt;\">29.08.2024<\/span> <\/p><p><strong>\u00d6ffnungszeiten<\/strong><\/p><p>Die Praxis bleibt morgen Freitag, 30.08.2024 aufgrund Weiterbildung und Ferienabwesenheiten geschlossen. Wir sind ab Montag 02.09.24 wieder f\u00fcr Sie da.<\/p>\t\t\t\t\t<\/div>\n\t\t\t\t\t\t<\/div>\n\t\t\t\t<\/div>\n\t\t\t\t<div class=\"elementor-element elementor-element-0a1fd2f elementor-widget-divider--view-line elementor-widget elementor-widget-divider\" data-id=\"0a1fd2f\" data-element_type=\"widget\" data-widget_type=\"divider.default\">\n\t\t\t\t<div class=\"elementor-widget-container\">\n\t\t\t\t\t<div class=\"elementor-divider\">\n\t\t\t<span class=\"elementor-divider-separator\">\n\t\t\t\t\t\t<\/span>\n\t\t<\/div>\n\t\t\t\t<\/div>\n\t\t\t\t<\/div>\n\t\t\t\t<div class=\"elementor-element elementor-element-b233110 elementor-widget elementor-widget-text-editor\" data-id=\"b233110\" data-element_type=\"widget\" data-widget_type=\"text-editor.default\">\n\t\t\t\t<div class=\"elementor-widget-container\">\n\t\t\t\t\t\t\t\t<div class=\"elementor-text-editor elementor-clearfix\">\n\t\t\t\t<p><span style=\"font-size: 8pt;\">20.08.2024<\/span><\/p><p><strong>Das neue Team hat sich sehr gut eingelebt&#8230;<\/strong><\/p><p>Seit fast drei Monaten sind wir nun wieder vollst\u00e4ndig als Team unterwegs und alle haben sich sehr gut in dieser tollen Konstellation eingelebt. Ich freue mich sehr dar\u00fcber, dass in meiner Praxis so professionelle, erfahrene und kompetente Therapeutinnen und Therapeuten und so liebensw\u00fcrdige Menschen zusammen arbeiten und sich jeden Tag aufs Neue f\u00fcr unsere Kundinnen und Kundenen einsetzen und engagieren. Ein ganz herzliches Dankesch\u00f6n!!<\/p><p>\u00a0<\/p><p><img loading=\"lazy\" decoding=\"async\" class=\"wp-image-918 size-large aligncenter\" src=\"https:\/\/www.awida.ch\/wp-content\/uploads\/2024\/08\/Teamfoto2-scaled-e1724140399460-1024x789.jpg\" alt=\"\" width=\"905\" height=\"697\" srcset=\"https:\/\/www.awida.ch\/wp-content\/uploads\/2024\/08\/Teamfoto2-scaled-e1724140399460-1024x789.jpg 1024w, https:\/\/www.awida.ch\/wp-content\/uploads\/2024\/08\/Teamfoto2-scaled-e1724140399460-300x231.jpg 300w, https:\/\/www.awida.ch\/wp-content\/uploads\/2024\/08\/Teamfoto2-scaled-e1724140399460-768x591.jpg 768w, https:\/\/www.awida.ch\/wp-content\/uploads\/2024\/08\/Teamfoto2-scaled-e1724140399460-1536x1183.jpg 1536w, https:\/\/www.awida.ch\/wp-content\/uploads\/2024\/08\/Teamfoto2-scaled-e1724140399460-1200x924.jpg 1200w, https:\/\/www.awida.ch\/wp-content\/uploads\/2024\/08\/Teamfoto2-scaled-e1724140399460-1400x1078.jpg 1400w, https:\/\/www.awida.ch\/wp-content\/uploads\/2024\/08\/Teamfoto2-scaled-e1724140399460.jpg 2022w\" sizes=\"auto, (max-width: 905px) 100vw, 905px\" \/><\/p><p>Von links nach rechts: Andrea Wicki, Evelyn Kern, Christoph Bowee, Claudia Mangold<\/p>\t\t\t\t\t<\/div>\n\t\t\t\t\t\t<\/div>\n\t\t\t\t<\/div>\n\t\t\t\t<div class=\"elementor-element elementor-element-08dab0e elementor-widget-divider--view-line elementor-widget elementor-widget-divider\" data-id=\"08dab0e\" data-element_type=\"widget\" data-widget_type=\"divider.default\">\n\t\t\t\t<div class=\"elementor-widget-container\">\n\t\t\t\t\t<div class=\"elementor-divider\">\n\t\t\t<span class=\"elementor-divider-separator\">\n\t\t\t\t\t\t<\/span>\n\t\t<\/div>\n\t\t\t\t<\/div>\n\t\t\t\t<\/div>\n\t\t\t\t<div class=\"elementor-element elementor-element-38a8ea0 elementor-widget elementor-widget-text-editor\" data-id=\"38a8ea0\" data-element_type=\"widget\" data-widget_type=\"text-editor.default\">\n\t\t\t\t<div class=\"elementor-widget-container\">\n\t\t\t\t\t\t\t\t<div class=\"elementor-text-editor elementor-clearfix\">\n\t\t\t\t<p><span style=\"font-size: 8pt; color: #808080;\">29.05.2024<\/span><\/p><p><strong>Start neue Mitarbeiterin<\/strong><\/p><p style=\"text-align: justify;\">Wir freuen uns sehr, dass n\u00e4chste Woche Evelyn Kern ihre Arbeit bei uns in der Praxis als erfahrene Physiotheapeutin aufnehmen wird. Wir haben daher wieder mehr Kapazit\u00e4t f\u00fcr neue Kundinnen und Kunden und unsere Wartezeiten von den letzten Wochen sind nicht mehr aktuell. Wir sind alle gespannt, wie sich das neue Team gemeinsam entwickeln und unterst\u00fctzen wird und f\u00fchlen uns ganz zuversichtlich und freudig auf die kommende Zeit.<\/p>\t\t\t\t\t<\/div>\n\t\t\t\t\t\t<\/div>\n\t\t\t\t<\/div>\n\t\t\t\t<div class=\"elementor-element elementor-element-161dc3e elementor-widget elementor-widget-spacer\" data-id=\"161dc3e\" data-element_type=\"widget\" data-widget_type=\"spacer.default\">\n\t\t\t\t<div class=\"elementor-widget-container\">\n\t\t\t\t\t<div class=\"elementor-spacer\">\n\t\t\t<div class=\"elementor-spacer-inner\"><\/div>\n\t\t<\/div>\n\t\t\t\t<\/div>\n\t\t\t\t<\/div>\n\t\t\t\t<div class=\"elementor-element elementor-element-242e123 elementor-widget-divider--view-line elementor-widget elementor-widget-divider\" data-id=\"242e123\" data-element_type=\"widget\" data-widget_type=\"divider.default\">\n\t\t\t\t<div class=\"elementor-widget-container\">\n\t\t\t\t\t<div class=\"elementor-divider\">\n\t\t\t<span class=\"elementor-divider-separator\">\n\t\t\t\t\t\t<\/span>\n\t\t<\/div>\n\t\t\t\t<\/div>\n\t\t\t\t<\/div>\n\t\t\t\t<div class=\"elementor-element elementor-element-f7b0424 elementor-widget elementor-widget-text-editor\" data-id=\"f7b0424\" data-element_type=\"widget\" data-widget_type=\"text-editor.default\">\n\t\t\t\t<div class=\"elementor-widget-container\">\n\t\t\t\t\t\t\t\t<div class=\"elementor-text-editor elementor-clearfix\">\n\t\t\t\t<p><span style=\"font-size: 8pt;\">18.03.2024<\/span><\/p><p><strong>Neue Mitarbeiterin per 01.06.2024<\/strong><\/p><p>Ich freue mich sehr, dass wir eine erfahrene, kompetente und aufgestellte Physiotherapeutin gefunden hat, welche ab Juni dieses Jahres bei uns in der Praxis arbeiten wird. Frau Evelyn Kern wird jeweils am Dienstag und Donnerstag anwesend sein. Das ganze Team freut sich auf die gemeinsame Zeit mit ihr auch dar\u00fcber, dass wir dann wieder vollz\u00e4hlig sein werden. Bis dahin fehlen uns einige Stellenprozente, was zu Wartezeiten bei Neuanmeldungen f\u00fchren kann. Wir bitten Sie daher um Verst\u00e4ndnis.<\/p>\t\t\t\t\t<\/div>\n\t\t\t\t\t\t<\/div>\n\t\t\t\t<\/div>\n\t\t\t\t<div class=\"elementor-element elementor-element-247b297 elementor-widget-divider--view-line elementor-widget elementor-widget-divider\" data-id=\"247b297\" data-element_type=\"widget\" data-widget_type=\"divider.default\">\n\t\t\t\t<div class=\"elementor-widget-container\">\n\t\t\t\t\t<div class=\"elementor-divider\">\n\t\t\t<span class=\"elementor-divider-separator\">\n\t\t\t\t\t\t<\/span>\n\t\t<\/div>\n\t\t\t\t<\/div>\n\t\t\t\t<\/div>\n\t\t\t\t<div class=\"elementor-element elementor-element-2683296 elementor-widget elementor-widget-text-editor\" data-id=\"2683296\" data-element_type=\"widget\" data-widget_type=\"text-editor.default\">\n\t\t\t\t<div class=\"elementor-widget-container\">\n\t\t\t\t\t\t\t\t<div class=\"elementor-text-editor elementor-clearfix\">\n\t\t\t\t<p><span style=\"font-size: 8pt;\">14.03.2024<\/span><\/p><p><strong>Happy Birthday Awida!<\/strong><\/p><p style=\"text-align: justify;\">Vor genau 10 Jahren startete ich mit meiner eigenen Praxis Awida. Wie die Zeit vergeht&#8230; Alles war damals neu und aufregend! Ein Gesch\u00e4ft zu f\u00fchren ist zeitintensiv und verlangt vollen Einsatz; therapeutisch, organisatorisch und v.a. auch administrativ. Im Verlauf der ersten Jahre konnte ich meinen Kundenstamm mit Hilfe unseres lieben Hausarztes Dr. K. kontinuierlich aufbauen und erweitern. Mit der Zeit hatte ich so viele Anmeldungen, dass ich die ganze Arbeit nicht mehr alleine bew\u00e4ltigen konnte und war in der Lage, meine erste Angestellte einzustellen. Es ging weiterhin so gut voran und bald kam eine weitere Therapeutin dazu. W\u00e4hrend dieser Jahre hatte ich zus\u00e4tzlich die Gelegenheit, mich in der Komplement\u00e4rtherapie weiterzubilden und schloss die Craniosacraltherapie mit Diplom ab. Danach absolvierte ich die gesamte Viszeraltherapiereihe beim Upledger Institut in Deutschland, was meine therapeutischen F\u00e4higkeiten optimierte. Im vergangenen Jahr erlangte ich das Branchenzertifikat in der Methode Craniosacraltherapie, welches mich als Komplement\u00e4rtherapeutin auszeichnet. Ich bin dankbar f\u00fcr all die sch\u00f6nen Begegnungen, die langj\u00e4hrigen Begleitungen und die Hilfe, welche ich in diesen 10 Jahren von meiner Familie, Freunden und zuweisenden \u00c4rzten\/Therapeuten erfahren durfte. Ein grosses Lob geht an mein Team, welches mich tagt\u00e4glich unterst\u00fctzt und die Arbeit in der Praxis so bereichert. Herzlichen Dank! Ich freue mich auf all das, was uns in der Zukunft hier in der Praxis erwartet und bin gespannt, was noch auf uns zukommt.<\/p>\t\t\t\t\t<\/div>\n\t\t\t\t\t\t<\/div>\n\t\t\t\t<\/div>\n\t\t\t\t<div class=\"elementor-element elementor-element-e41388d elementor-widget-divider--view-line elementor-widget elementor-widget-divider\" data-id=\"e41388d\" data-element_type=\"widget\" data-widget_type=\"divider.default\">\n\t\t\t\t<div class=\"elementor-widget-container\">\n\t\t\t\t\t<div class=\"elementor-divider\">\n\t\t\t<span class=\"elementor-divider-separator\">\n\t\t\t\t\t\t<\/span>\n\t\t<\/div>\n\t\t\t\t<\/div>\n\t\t\t\t<\/div>\n\t\t\t\t<div class=\"elementor-element elementor-element-d3430c8 elementor-widget elementor-widget-text-editor\" data-id=\"d3430c8\" data-element_type=\"widget\" data-widget_type=\"text-editor.default\">\n\t\t\t\t<div class=\"elementor-widget-container\">\n\t\t\t\t\t\t\t\t<div class=\"elementor-text-editor elementor-clearfix\">\n\t\t\t\t<p><span style=\"font-size: 8pt;\">30.01.2023<\/span><\/p><p><strong>Auf Wiedersehen&#8230;.<\/strong><\/p><p>Heute ist leider der lezte Arbeitstag von Frau Jenny V\u00f6gtlin gekommen&#8230; Wir w\u00fcnschen ihr f\u00fcr ihre berufliche und private Zukunft nur das Beste und sind dankbar f\u00fcr die sch\u00f6nen Jahre, welche sie die Praxis Awida mit ihrer fr\u00f6hlichen, motivierenden und kompetenten Art bereichert hat. Danke, liebe Jenny!<\/p>\t\t\t\t\t<\/div>\n\t\t\t\t\t\t<\/div>\n\t\t\t\t<\/div>\n\t\t\t\t<div class=\"elementor-element elementor-element-c251639 elementor-widget-divider--view-line elementor-widget elementor-widget-divider\" data-id=\"c251639\" data-element_type=\"widget\" data-widget_type=\"divider.default\">\n\t\t\t\t<div class=\"elementor-widget-container\">\n\t\t\t\t\t<div class=\"elementor-divider\">\n\t\t\t<span class=\"elementor-divider-separator\">\n\t\t\t\t\t\t<\/span>\n\t\t<\/div>\n\t\t\t\t<\/div>\n\t\t\t\t<\/div>\n\t\t\t\t<div class=\"elementor-element elementor-element-e0263c4 elementor-widget elementor-widget-text-editor\" data-id=\"e0263c4\" data-element_type=\"widget\" data-widget_type=\"text-editor.default\">\n\t\t\t\t<div class=\"elementor-widget-container\">\n\t\t\t\t\t\t\t\t<div class=\"elementor-text-editor elementor-clearfix\">\n\t\t\t\t<p><span style=\"font-size: 8pt;\">21.11.2023<\/span><\/p><p><strong>Neue MitarbeiterIn gesucht!<\/strong><\/p><p>Wir suchen auf Februar 2024 oder nach Vereinbarung eine Nachfolgerin oder einen Nachfolger f\u00fcr Frau Jenny V\u00f6gtlin, da diese den Beruf Physiotherapeutin ganz verlassen wird, um Ihrem geliebten Hobby, dem Turnen, nun auch hauptberuflich (beim Schweizerischen Turnverband) nachzugehen. Wir bedauern ihren Weggang nat\u00fcrlich zutiefst, da wir Frau V\u00f6gtlin als sehr zuverl\u00e4ssige, motivierte und hervorragende Therapeutin und liebenswerte Kollegin erlebt haben.<\/p><p>Wir sind nun auf der Suche nach jemandem, der eine berufliche Ver\u00e4nderung sucht und daran interessiert ist, bei uns zu arbeiten. Das Arbeitspensum sollte zwischen 40-80% liegen. Es w\u00fcrde uns sehr freuen, wenn wir auf diesm Weg eine neue Mitarbeiterin oder Mitarbeiter finden w\u00fcrden! Danke f\u00fcr Ihre Unterst\u00fctzung.<\/p>\t\t\t\t\t<\/div>\n\t\t\t\t\t\t<\/div>\n\t\t\t\t<\/div>\n\t\t\t\t<div class=\"elementor-element elementor-element-b96de6d elementor-widget-divider--view-line elementor-widget elementor-widget-divider\" data-id=\"b96de6d\" data-element_type=\"widget\" data-widget_type=\"divider.default\">\n\t\t\t\t<div class=\"elementor-widget-container\">\n\t\t\t\t\t<div class=\"elementor-divider\">\n\t\t\t<span class=\"elementor-divider-separator\">\n\t\t\t\t\t\t<\/span>\n\t\t<\/div>\n\t\t\t\t<\/div>\n\t\t\t\t<\/div>\n\t\t\t\t<div class=\"elementor-element elementor-element-da40b17 elementor-widget elementor-widget-text-editor\" data-id=\"da40b17\" data-element_type=\"widget\" data-widget_type=\"text-editor.default\">\n\t\t\t\t<div class=\"elementor-widget-container\">\n\t\t\t\t\t\t\t\t<div class=\"elementor-text-editor elementor-clearfix\">\n\t\t\t\t<p><span style=\"font-size: 8pt;\">13.10.2023<\/span><\/p><p><strong>Freie Kapazit\u00e4ten<\/strong><\/p><p>Gerne teile ich Ihnen mit, dass wir momentan freie Therapiepl\u00e4tze f\u00fcr die Physiotherapie anbieten k\u00f6nnen. Auch k\u00f6nnen Termine f\u00fcr Massagen oder Behandlungen auf Selbstzahlerbasis vereinbart werden. Nutzen Sie unsere freien Kapazit\u00e4ten und machen Sie etwas f\u00fcr Ihre Gesundheit und auch Ihr Wohlbefinden. Ganz unter dem Motto: Gut ger\u00fcstet f\u00fcr den Winter, mit viel Energie, Kraft und Widerstandsf\u00e4higkeit gegen die kommende K\u00e4lte und die dunkleren Tage. Rufen Sie uns gerne an f\u00fcr eine Terminvereinbarung oder schreiben Sie uns eine E-Mail unter awida@hin.ch<\/p><p>Wir freuen uns auf Sie!<\/p>\t\t\t\t\t<\/div>\n\t\t\t\t\t\t<\/div>\n\t\t\t\t<\/div>\n\t\t\t\t<div class=\"elementor-element elementor-element-1dd404a elementor-widget-divider--view-line elementor-widget elementor-widget-divider\" data-id=\"1dd404a\" data-element_type=\"widget\" data-widget_type=\"divider.default\">\n\t\t\t\t<div class=\"elementor-widget-container\">\n\t\t\t\t\t<div class=\"elementor-divider\">\n\t\t\t<span class=\"elementor-divider-separator\">\n\t\t\t\t\t\t<\/span>\n\t\t<\/div>\n\t\t\t\t<\/div>\n\t\t\t\t<\/div>\n\t\t\t\t<div class=\"elementor-element elementor-element-40f5c32 elementor-widget elementor-widget-text-editor\" data-id=\"40f5c32\" data-element_type=\"widget\" data-widget_type=\"text-editor.default\">\n\t\t\t\t<div class=\"elementor-widget-container\">\n\t\t\t\t\t\t\t\t<div class=\"elementor-text-editor elementor-clearfix\">\n\t\t\t\t<p><span style=\"font-size: 8pt;\">20.09.2023<\/span><\/p><p style=\"text-align: justify;\"><strong>Physiotherpie vor dem Abgrund? Der Bundesrat will eine Tarifk\u00fcrzung- wir wehren uns dagegen! Jetzt Petition unterschreiben!<\/strong><\/p><p>\u00a0<\/p><p style=\"text-align: justify;\">Seit Jahren k\u00e4mpfen wir Physiotherapeuten f\u00fcr einen kostendeckenden und vor allem zeigem\u00e4ssen und fairen Tarif. Leider konnte trotz intensiven Bem\u00fchungen von Seiten des Verbandes Physioswiss keine Einigung mit den Krankenkassen erzielt werden. Deshalb hat nun der Bundesrat einen Vorschlag verfasst, der einer K\u00fcrzung gleichkommt. Wir finden den Vorschlag falsch und gef\u00e4hrlich und wehren uns dagegen!<\/p><p>\u00a0<\/p><p style=\"text-align: justify;\">Im Rahmen der laufenden Vernehmlassung nimmt der Berufsverband Physioswiss Stellung zu den einschneidenden Konsequenzen des Vorschlages. Die Krankenversicherer werden zeitgleich aufgefordert, die Verhandlungen erneut aufzunehmen und gemeinsam eine zeitgem\u00e4sse Tarifl\u00f6sung zu erarbeiten, um die Versorgung der Patienten zu sichern. Es wird bef\u00fcrchtet, dass der Tarifeingriff des Bundesrates unsere bereits stark unterfinanzierte Branche noch mehr in Schieflage bringen wird. Die gegenw\u00e4rtige Teuerung versch\u00e4rft diese Entwicklung zus\u00e4tzlich.<\/p><p>\u00a0<\/p><p style=\"text-align: justify;\">Mit einer K\u00fcrzung der Tarife durch den Bundesrat werden noch mehr von uns Physiotherapeuten gezwungen sein, den Beruf zu wechseln oder ihre Praxis zu schliessen, da sie nicht mehr kostendeckend arbeiten k\u00f6nnen. Etwaige Berufsausstiege und Praxisschliessungen haben auch Auswirkungen auf die Patiententinnen und Patienten:\u00a0 Die Versorgung ist bereits ohne den Tarifeingriff akut gef\u00e4hrdet. Es war in den letzten Jahren sehr schwierig, gek\u00fcndigte Stellen neu zu besetzen, da bereits jetzt ein Fachkr\u00e4ftemangel herrscht. Auch kommt es immer wieder zu langen Wartezeiten, bis man eine Therapie beginnen kann. Es droht eine Versorgungsl\u00fccke f\u00fcr alle. Deshalb m\u00fcssen wir jetzt handeln und auch Sie \u00fcber die aktuelle Situation informieren. Ich bitte Sie, gemeinsam mit allen Physiotherapeuten den Bundesrat aufzufordern, den Tarifeingriff zu stoppen!<\/p><p>\u00a0<\/p><p>Ihrer Unterschrift hilft mit! Bitte unterschreiben Sie die Petition online oder auf Papier bei uns in der Praxis. Sie helfen uns dabei, besser geh\u00f6rt und gesehen zu werden. F\u00fcr eine Physiotherapie mit Zukunft. Herzlichen Dank!!<\/p><p>\u00a0<\/p><p>Physiotherapie vor dem Abgrund? Der Bundesrat will eine Tarifk\u00fcrzung! Wir wehren uns dagegen! Jetzt Petition unterschreiben: <a href=\"http:\/\/www.physioswiss.ch\/petition\"><u>www.physioswiss.ch\/petition<\/u><\/a><\/p><div class=\"g-2-3 pl0\"><div>\u00a0<\/div><div>\u00a0<\/div><\/div>\t\t\t\t\t<\/div>\n\t\t\t\t\t\t<\/div>\n\t\t\t\t<\/div>\n\t\t\t\t<div class=\"elementor-element elementor-element-148e995 elementor-widget-divider--view-line elementor-widget elementor-widget-divider\" data-id=\"148e995\" data-element_type=\"widget\" data-widget_type=\"divider.default\">\n\t\t\t\t<div class=\"elementor-widget-container\">\n\t\t\t\t\t<div class=\"elementor-divider\">\n\t\t\t<span class=\"elementor-divider-separator\">\n\t\t\t\t\t\t<\/span>\n\t\t<\/div>\n\t\t\t\t<\/div>\n\t\t\t\t<\/div>\n\t\t\t\t<div class=\"elementor-element elementor-element-821d3b4 elementor-widget elementor-widget-text-editor\" data-id=\"821d3b4\" data-element_type=\"widget\" data-widget_type=\"text-editor.default\">\n\t\t\t\t<div class=\"elementor-widget-container\">\n\t\t\t\t\t\t\t\t<div class=\"elementor-text-editor elementor-clearfix\">\n\t\t\t\t<p><span style=\"font-size: 8pt;\">05.09.2023<\/span><\/p><p><strong>Start neue Mitarbeiterin<\/strong><\/p><p>Wir freuen uns sehr, dass Frau Claudia Mangold ab heute bei uns in der Praxis als Physiotherapeutin mitarbeiten wird. Sie ist seit Jahren im Beruf t\u00e4tig und wird unser Team 2x\/Woche jeweils Dienstagmorgen und Donnerstagnachmittag unterst\u00fctzen. Wir w\u00fcnschen ihr einen guten und fr\u00f6hlichen Start und freuen uns auf eine tolle Zusammenarbeit!<\/p>\t\t\t\t\t<\/div>\n\t\t\t\t\t\t<\/div>\n\t\t\t\t<\/div>\n\t\t\t\t<div class=\"elementor-element elementor-element-418062f elementor-widget-divider--view-line elementor-widget elementor-widget-divider\" data-id=\"418062f\" data-element_type=\"widget\" data-widget_type=\"divider.default\">\n\t\t\t\t<div class=\"elementor-widget-container\">\n\t\t\t\t\t<div class=\"elementor-divider\">\n\t\t\t<span class=\"elementor-divider-separator\">\n\t\t\t\t\t\t<\/span>\n\t\t<\/div>\n\t\t\t\t<\/div>\n\t\t\t\t<\/div>\n\t\t\t\t<div class=\"elementor-element elementor-element-890bf26 elementor-widget elementor-widget-text-editor\" data-id=\"890bf26\" data-element_type=\"widget\" data-widget_type=\"text-editor.default\">\n\t\t\t\t<div class=\"elementor-widget-container\">\n\t\t\t\t\t\t\t\t<div class=\"elementor-text-editor elementor-clearfix\">\n\t\t\t\t<p><span style=\"font-size: 8pt;\">25.08.2023<\/span><\/p><p><strong>Ank\u00fcndigung Preiserh\u00f6ungen bei VVG-Leistungen und im Selbstzahlerbereich<\/strong><\/p><p>Nach einem sch\u00f6nen und sehr warmen Sommer scheint eine k\u00fchlere Phase zu beginnen und wir heissen den Herbst sicherlich bald willkommen. Auch bei uns in der Praxis gibt es einige Ver\u00e4nderungen: Aufgrund der Teuerung und somit h\u00f6here Kosten f\u00fcr die Praxis (Strom, Mieten, L\u00f6hne, Unterhaltsarbeiten, Material, ect.) und den kontinuierlich steigenden Anforderungen an uns Therapeuten (Regelm\u00e4ssige Weiterbildungen, Branchenzertifikat; Datenschutzgesetz, elektronisches Versenden von Rechnungen und Rechnungskopien im Bereich KVG und VVG) ohne finanziellen Ausgleich von Seiten der Tarifstruktur im Bereich KVG habe ich mich entschlossen, die Preise f\u00fcr die komplement\u00e4rtherapeutischen Behandlungen sowie im Selbstzahlerberich zu erh\u00f6hen. Detaillierte Infos finden Sie auf dieser Homepage unter &#8222;Praxis&#8220;. Die neuen Preise gelten ab 01. September 2023. In der Physiotherapie bleiben trotz intensiven Verhandlungen mit den Krankenkassen die Kosten seit 25 Jahren unver\u00e4ndert.<\/p><p>\u00a0<\/p>\t\t\t\t\t<\/div>\n\t\t\t\t\t\t<\/div>\n\t\t\t\t<\/div>\n\t\t\t\t<div class=\"elementor-element elementor-element-f617448 elementor-widget-divider--view-line elementor-widget elementor-widget-divider\" data-id=\"f617448\" data-element_type=\"widget\" data-widget_type=\"divider.default\">\n\t\t\t\t<div class=\"elementor-widget-container\">\n\t\t\t\t\t<div class=\"elementor-divider\">\n\t\t\t<span class=\"elementor-divider-separator\">\n\t\t\t\t\t\t<\/span>\n\t\t<\/div>\n\t\t\t\t<\/div>\n\t\t\t\t<\/div>\n\t\t\t\t<div class=\"elementor-element elementor-element-ed1e346 elementor-widget elementor-widget-text-editor\" data-id=\"ed1e346\" data-element_type=\"widget\" data-widget_type=\"text-editor.default\">\n\t\t\t\t<div class=\"elementor-widget-container\">\n\t\t\t\t\t\t\t\t<div class=\"elementor-text-editor elementor-clearfix\">\n\t\t\t\t<p><span style=\"font-size: 8pt;\">20.06.2023<\/span><\/p><p><strong>Branchenzertifikat geschafft!<\/strong><\/p><p>Ich freue mich sehr, dass im Rahmen meiner beruflichen Ver\u00e4nderung ein weiterer grosser Schritt erfolgreich abgeschlossen werden konnte. Ich habe alle erforderlichen Unterlagen und einen Essay mit folgendem Titel verfassen und von der OdA KT beurteilen lassen k\u00f6nnen:<\/p><p>\u00a0<\/p><p><span style=\"font-family: comic sans ms, sans-serif;\"> &#8222;Welche Barrieren bez\u00fcglich der eigenverantwortlichen Genesungskompetenz existieren beim Klienten\/bei der Klientin und welche M\u00f6glichkeiten habe ich als Therapeutin, sie in ihrem eigenverantwortlichen Genesungsprozess zu unterst\u00fctzen?&#8220;<\/span><\/p><p>\u00a0<\/p><p>Die M\u00fche war es wert, mich nochmals sehr intensiv mit komplement\u00e4rtherapeutischen Fragen und Erkenntnissen auseinanderzusetzen und meine Gedanken und Wissen zu sortieren und auf Papier zu bringen! Ich freue mich, den Komplement\u00e4ransatz im Rahmen meiner Arbeit mit der Craniosacral Thrapie einfliessen zu lassen und bin \u00fcberzeugt, dass meine Klientinnen und Klienten von meiner Erfahrung und allem Wissen profitieren k\u00f6nnen.<\/p>\t\t\t\t\t<\/div>\n\t\t\t\t\t\t<\/div>\n\t\t\t\t<\/div>\n\t\t\t\t<div class=\"elementor-element elementor-element-604d537 elementor-widget elementor-widget-image\" data-id=\"604d537\" data-element_type=\"widget\" data-widget_type=\"image.default\">\n\t\t\t\t<div class=\"elementor-widget-container\">\n\t\t\t\t\t\t\t\t<div class=\"elementor-image\">\n\t\t\t\t\t\t\t\t\t<figure class=\"wp-caption\">\n\t\t\t\t\t\t\t\t\t\t<img loading=\"lazy\" decoding=\"async\" width=\"1512\" height=\"2016\" src=\"https:\/\/www.awida.ch\/wp-content\/uploads\/2023\/06\/IMG_3482-rotated.jpg\" class=\"attachment-2048x2048 size-2048x2048 wp-image-771\" alt=\"\" srcset=\"https:\/\/www.awida.ch\/wp-content\/uploads\/2023\/06\/IMG_3482-rotated.jpg 1512w, https:\/\/www.awida.ch\/wp-content\/uploads\/2023\/06\/IMG_3482-225x300.jpg 225w, https:\/\/www.awida.ch\/wp-content\/uploads\/2023\/06\/IMG_3482-768x1024.jpg 768w, https:\/\/www.awida.ch\/wp-content\/uploads\/2023\/06\/IMG_3482-1152x1536.jpg 1152w, https:\/\/www.awida.ch\/wp-content\/uploads\/2023\/06\/IMG_3482-1200x1600.jpg 1200w, https:\/\/www.awida.ch\/wp-content\/uploads\/2023\/06\/IMG_3482-1400x1867.jpg 1400w, https:\/\/www.awida.ch\/wp-content\/uploads\/2023\/06\/IMG_3482-300x400.jpg 300w\" sizes=\"auto, (max-width: 1512px) 100vw, 1512px\" \/>\t\t\t\t\t\t\t\t\t\t\t<figcaption class=\"widget-image-caption wp-caption-text\"><\/figcaption>\n\t\t\t\t\t\t\t\t\t\t<\/figure>\n\t\t\t\t\t\t\t\t<\/div>\n\t\t\t\t\t\t<\/div>\n\t\t\t\t<\/div>\n\t\t\t\t<div class=\"elementor-element elementor-element-88856ed elementor-widget-divider--view-line elementor-widget elementor-widget-divider\" data-id=\"88856ed\" data-element_type=\"widget\" data-widget_type=\"divider.default\">\n\t\t\t\t<div class=\"elementor-widget-container\">\n\t\t\t\t\t<div class=\"elementor-divider\">\n\t\t\t<span class=\"elementor-divider-separator\">\n\t\t\t\t\t\t<\/span>\n\t\t<\/div>\n\t\t\t\t<\/div>\n\t\t\t\t<\/div>\n\t\t\t\t<div class=\"elementor-element elementor-element-a0f0ed4 elementor-widget elementor-widget-text-editor\" data-id=\"a0f0ed4\" data-element_type=\"widget\" data-widget_type=\"text-editor.default\">\n\t\t\t\t<div class=\"elementor-widget-container\">\n\t\t\t\t\t\t\t\t<div class=\"elementor-text-editor elementor-clearfix\">\n\t\t\t\t<p><span style=\"font-size: 8pt;\">04.05.2023<\/span><\/p><p><strong>\u00d6ffnungzeiten<\/strong><\/p><p>Die Praxis bleibt heute Nachmittag wegen Weiterbildung geschlossen. Wir sind morgen Freitag wieder f\u00fcr Sie da.<\/p>\t\t\t\t\t<\/div>\n\t\t\t\t\t\t<\/div>\n\t\t\t\t<\/div>\n\t\t\t\t<div class=\"elementor-element elementor-element-0eb9a63 elementor-widget-divider--view-line elementor-widget elementor-widget-divider\" data-id=\"0eb9a63\" data-element_type=\"widget\" data-widget_type=\"divider.default\">\n\t\t\t\t<div class=\"elementor-widget-container\">\n\t\t\t\t\t<div class=\"elementor-divider\">\n\t\t\t<span class=\"elementor-divider-separator\">\n\t\t\t\t\t\t<\/span>\n\t\t<\/div>\n\t\t\t\t<\/div>\n\t\t\t\t<\/div>\n\t\t\t\t<div class=\"elementor-element elementor-element-0018624 elementor-widget elementor-widget-text-editor\" data-id=\"0018624\" data-element_type=\"widget\" data-widget_type=\"text-editor.default\">\n\t\t\t\t<div class=\"elementor-widget-container\">\n\t\t\t\t\t\t\t\t<div class=\"elementor-text-editor elementor-clearfix\">\n\t\t\t\t<p style=\"text-align: left;\"><span style=\"font-size: 8pt; color: #808080;\">06.04.2023<\/span><\/p><p><strong>Neue Fotos<\/strong><\/p><p>Wir freuen uns, Ihnen unser komplettes Team nun auch noch auf Fotos vorzustellen zu k\u00f6nnen. Von links nach rechts: Andrea Wicki, Jennifer V\u00f6gtlin, Christoph Bowee. Wir w\u00fcnschen Ihnen einen sch\u00f6nen und m\u00f6glichst aktiven Fr\u00fchling!<\/p><p><img loading=\"lazy\" decoding=\"async\" class=\"aligncenter size-large wp-image-692\" src=\"https:\/\/awida.ch\/wordpress\/wp-content\/uploads\/2023\/04\/Team_Awida_2023_01-1024x640.jpg\" alt=\"\" width=\"905\" height=\"566\" srcset=\"https:\/\/www.awida.ch\/wp-content\/uploads\/2023\/04\/Team_Awida_2023_01-1024x640.jpg 1024w, https:\/\/www.awida.ch\/wp-content\/uploads\/2023\/04\/Team_Awida_2023_01-300x188.jpg 300w, https:\/\/www.awida.ch\/wp-content\/uploads\/2023\/04\/Team_Awida_2023_01-768x480.jpg 768w, https:\/\/www.awida.ch\/wp-content\/uploads\/2023\/04\/Team_Awida_2023_01.jpg 1200w\" sizes=\"auto, (max-width: 905px) 100vw, 905px\" \/><\/p>\t\t\t\t\t<\/div>\n\t\t\t\t\t\t<\/div>\n\t\t\t\t<\/div>\n\t\t\t\t<div class=\"elementor-element elementor-element-bd9280a elementor-widget-divider--view-line elementor-widget elementor-widget-divider\" data-id=\"bd9280a\" data-element_type=\"widget\" data-widget_type=\"divider.default\">\n\t\t\t\t<div class=\"elementor-widget-container\">\n\t\t\t\t\t<div class=\"elementor-divider\">\n\t\t\t<span class=\"elementor-divider-separator\">\n\t\t\t\t\t\t<\/span>\n\t\t<\/div>\n\t\t\t\t<\/div>\n\t\t\t\t<\/div>\n\t\t\t\t<div class=\"elementor-element elementor-element-73b58d8 elementor-widget elementor-widget-text-editor\" data-id=\"73b58d8\" data-element_type=\"widget\" data-widget_type=\"text-editor.default\">\n\t\t\t\t<div class=\"elementor-widget-container\">\n\t\t\t\t\t\t\t\t<div class=\"elementor-text-editor elementor-clearfix\">\n\t\t\t\t<p style=\"text-align: left;\"><span style=\"font-size: 8pt; color: #808080;\">09.02.2023<\/span><\/p><p><strong>Start neue Mitarbeiterin<\/strong><\/p><p><img loading=\"lazy\" decoding=\"async\" class=\"alignright wp-image-701 size-medium\" src=\"https:\/\/awida.ch\/wordpress\/wp-content\/uploads\/2023\/04\/Jenny_Voegtlin-225x300.jpg\" alt=\"\" width=\"225\" height=\"300\" srcset=\"https:\/\/www.awida.ch\/wp-content\/uploads\/2023\/04\/Jenny_Voegtlin-225x300.jpg 225w, https:\/\/www.awida.ch\/wp-content\/uploads\/2023\/04\/Jenny_Voegtlin.jpg 300w\" sizes=\"auto, (max-width: 225px) 100vw, 225px\" \/><\/p><p>\u00a0<\/p><p>Wir freuen uns\u00a0 sehr, dass Jennifer V\u00f6gtlin nun wieder Teil unseres dreik\u00f6pfigen Teams ist und wir w\u00fcnschen ihr weiterhin einen guten Start bei Awida!<\/p>\t\t\t\t\t<\/div>\n\t\t\t\t\t\t<\/div>\n\t\t\t\t<\/div>\n\t\t\t\t<div class=\"elementor-element elementor-element-2c26ab5 elementor-widget-divider--view-line elementor-widget elementor-widget-divider\" data-id=\"2c26ab5\" data-element_type=\"widget\" data-widget_type=\"divider.default\">\n\t\t\t\t<div class=\"elementor-widget-container\">\n\t\t\t\t\t<div class=\"elementor-divider\">\n\t\t\t<span class=\"elementor-divider-separator\">\n\t\t\t\t\t\t<\/span>\n\t\t<\/div>\n\t\t\t\t<\/div>\n\t\t\t\t<\/div>\n\t\t\t\t<div class=\"elementor-element elementor-element-614010d elementor-widget elementor-widget-text-editor\" data-id=\"614010d\" data-element_type=\"widget\" data-widget_type=\"text-editor.default\">\n\t\t\t\t<div class=\"elementor-widget-container\">\n\t\t\t\t\t\t\t\t<div class=\"elementor-text-editor elementor-clearfix\">\n\t\t\t\t<p><span style=\"font-size: 8pt; color: #808080;\">06.01.2023<\/span><\/p><p><strong>Neuanfang<\/strong><\/p><p>Wir hoffe, Sie sind alle gut ins neue Jahr gestartet und dass Sie die Festtage geniessen konnten. Wir freuen uns sehr, Ihnen mitzuteilen, dass wir ab 01.02.2023 unser Team erweitern k\u00f6nnen: Frau Jennifer V\u00f6gtlin wird wieder bei uns arbeiten und wir freuen uns sehr, sie bald im Team begr\u00fcssen zu d\u00fcrfen! Frau V\u00f6gtlin verf\u00fcgt \u00fcber jahrelange Erfahrung in allen Bereichen der Physiotherapie; das Behandln von neurologischen Patienten liegt ihr nach wie vor am Herzen. Wir sind gl\u00fccklich, mit ihr eine so zuverl\u00e4ssige und kompetente Mitarbeiterin gefunden zu haben.<\/p>\t\t\t\t\t<\/div>\n\t\t\t\t\t\t<\/div>\n\t\t\t\t<\/div>\n\t\t\t\t<div class=\"elementor-element elementor-element-51fa448 elementor-widget-divider--view-line elementor-widget elementor-widget-divider\" data-id=\"51fa448\" data-element_type=\"widget\" data-widget_type=\"divider.default\">\n\t\t\t\t<div class=\"elementor-widget-container\">\n\t\t\t\t\t<div class=\"elementor-divider\">\n\t\t\t<span class=\"elementor-divider-separator\">\n\t\t\t\t\t\t<\/span>\n\t\t<\/div>\n\t\t\t\t<\/div>\n\t\t\t\t<\/div>\n\t\t\t\t<div class=\"elementor-element elementor-element-11e09ff elementor-widget elementor-widget-text-editor\" data-id=\"11e09ff\" data-element_type=\"widget\" data-widget_type=\"text-editor.default\">\n\t\t\t\t<div class=\"elementor-widget-container\">\n\t\t\t\t\t\t\t\t<div class=\"elementor-text-editor elementor-clearfix\">\n\t\t\t\t<p><span style=\"font-size: 8pt; color: #808080;\">24.11.2022<\/span><\/p><p><strong>\u00d6ffnungszeiten<\/strong><\/p><p>Die Praxis bleibt heute Donnerstag am Nachmittag wegen Weiterbildung geschlossen. Wir sind morgen Freitag ab 8.00h wieder erreichbar.<\/p>\t\t\t\t\t<\/div>\n\t\t\t\t\t\t<\/div>\n\t\t\t\t<\/div>\n\t\t\t\t<div class=\"elementor-element elementor-element-c82bd1c elementor-widget-divider--view-line elementor-widget elementor-widget-divider\" data-id=\"c82bd1c\" data-element_type=\"widget\" data-widget_type=\"divider.default\">\n\t\t\t\t<div class=\"elementor-widget-container\">\n\t\t\t\t\t<div class=\"elementor-divider\">\n\t\t\t<span class=\"elementor-divider-separator\">\n\t\t\t\t\t\t<\/span>\n\t\t<\/div>\n\t\t\t\t<\/div>\n\t\t\t\t<\/div>\n\t\t\t\t<div class=\"elementor-element elementor-element-326ab45 elementor-widget elementor-widget-text-editor\" data-id=\"326ab45\" data-element_type=\"widget\" data-widget_type=\"text-editor.default\">\n\t\t\t\t<div class=\"elementor-widget-container\">\n\t\t\t\t\t\t\t\t<div class=\"elementor-text-editor elementor-clearfix\">\n\t\t\t\t<p><span style=\"font-size: 8pt; color: #808080;\">18.11.2022<\/span><\/p><p><strong>Neu: Herzzentrierte Transformation<\/strong><\/p><p style=\"text-align: justify;\">Die HCT (Herzzentrierte Transformation) ist eine wunderbare Erg\u00e4nzung zu den besser bekannten Behandlungsformen wie die Physio- oder Craniosakraltherapie. Sie kann eingesetzt werden, wenn im Heilungsprozess Schwierigkeiten oder Blockaden, wie z.B. wiederkehrende Schmerzen oder seelisches Ungleichgewicht auftreten. Die HCT ist ein liebevoller Ansatz f\u00fcr eine spirituell-emotionale Heilung, welche dem Herzen vertraut. Sie ist sehr unterst\u00fctzend, um den pers\u00f6nlichen Prozess zur Ganzheit zu f\u00fchren. Durch besondere Dialogtechniken werden ungel\u00f6ste Emotionen sicher erkannt und transformiert. Pers\u00f6nliche Probleme, Konflikte oder Anliegen werden durch Liebe, Akzeptanz und der Transformation des ganzen Menschens sanft gel\u00f6st. Ich freue mich, wenn ich Sie auf diesem Weg begleiten und unterst\u00fctzen darf und stehe f\u00fcr Fragen gerne zur Verf\u00fcgung.<\/p><p>\u00a0<\/p><p><span style=\"font-family: comic sans ms, sans-serif;\">&#8222;Es gibt n\u00e4mlich allenthalben Leute, welche mehr aus dem Fenster sehen als in ihrer Stube herum, geschweige denn in ihre Herzen hinein (&#8230;)&#8220;<\/span><\/p><p style=\"text-align: center;\"><span style=\"font-family: comic sans ms, sans-serif;\">Jeremias Gotthelf<\/span><\/p><p style=\"text-align: center;\"><span style=\"font-family: comic sans ms, sans-serif;\">Aus &#8220; Wie Anne B\u00e4bi Jow\u00e4ger haushaltet (&#8230;)&#8220;<\/span><\/p><p style=\"text-align: center;\"><span style=\"font-family: comic sans ms, sans-serif;\">Band 1, 1843<\/span><\/p>\t\t\t\t\t<\/div>\n\t\t\t\t\t\t<\/div>\n\t\t\t\t<\/div>\n\t\t\t\t<div class=\"elementor-element elementor-element-c34f973 elementor-widget-divider--view-line elementor-widget elementor-widget-divider\" data-id=\"c34f973\" data-element_type=\"widget\" data-widget_type=\"divider.default\">\n\t\t\t\t<div class=\"elementor-widget-container\">\n\t\t\t\t\t<div class=\"elementor-divider\">\n\t\t\t<span class=\"elementor-divider-separator\">\n\t\t\t\t\t\t<\/span>\n\t\t<\/div>\n\t\t\t\t<\/div>\n\t\t\t\t<\/div>\n\t\t\t\t<div class=\"elementor-element elementor-element-079c532 elementor-widget elementor-widget-text-editor\" data-id=\"079c532\" data-element_type=\"widget\" data-widget_type=\"text-editor.default\">\n\t\t\t\t<div class=\"elementor-widget-container\">\n\t\t\t\t\t\t\t\t<div class=\"elementor-text-editor elementor-clearfix\">\n\t\t\t\t<p><span style=\"font-size: 8pt; color: #808080;\">05.10.2022<\/span><\/p><p><strong>Ge\u00e4nderte Praxis\u00f6ffnungszeiten<\/strong><\/p><p>Aufgrund von Weiterbildung und Ferien bleibt die Praxis am Donnerstag, 06.10. &amp; Freitag, 07.10.22 ausnahmsweise geschlossen. Ab Montag, 10.10.22 sind wir wieder f\u00fcr Sie da.<\/p><p>\u00a0<\/p>\t\t\t\t\t<\/div>\n\t\t\t\t\t\t<\/div>\n\t\t\t\t<\/div>\n\t\t\t\t<div class=\"elementor-element elementor-element-e0a6b71 elementor-widget-divider--view-line elementor-widget elementor-widget-divider\" data-id=\"e0a6b71\" data-element_type=\"widget\" data-widget_type=\"divider.default\">\n\t\t\t\t<div class=\"elementor-widget-container\">\n\t\t\t\t\t<div class=\"elementor-divider\">\n\t\t\t<span class=\"elementor-divider-separator\">\n\t\t\t\t\t\t<\/span>\n\t\t<\/div>\n\t\t\t\t<\/div>\n\t\t\t\t<\/div>\n\t\t\t\t<div class=\"elementor-element elementor-element-13c20d4 elementor-widget elementor-widget-text-editor\" data-id=\"13c20d4\" data-element_type=\"widget\" data-widget_type=\"text-editor.default\">\n\t\t\t\t<div class=\"elementor-widget-container\">\n\t\t\t\t\t\t\t\t<div class=\"elementor-text-editor elementor-clearfix\">\n\t\t\t\t<p><span style=\"font-size: 8pt; color: #808080;\">22.8.2022<\/span><\/p><p><strong>Noch nicht gefunden&#8230;<\/strong><\/p><p style=\"text-align: justify;\">Wir suchen immer noch einen Ersatz f\u00fcr Frau Chouikh als Physiotherapeut\/in mit einem Arbeitspensum zwischen 40-80%. <\/p><p style=\"text-align: justify;\">Du suchst eine berufliche Ver\u00e4nderung und Herausforderung und bist daran interessiert, in einem kleinen, motivierten Team zu arbeiten? Oder du kennst jemanden, der gut zu uns passen w\u00fcrde und Freude am Physioberuf hat ? Dann melde dich bei mir.\u00a0 Wir freuen uns auf dich!<\/p>\t\t\t\t\t<\/div>\n\t\t\t\t\t\t<\/div>\n\t\t\t\t<\/div>\n\t\t\t\t<div class=\"elementor-element elementor-element-a816b1d elementor-widget-divider--view-line elementor-widget elementor-widget-divider\" data-id=\"a816b1d\" data-element_type=\"widget\" data-widget_type=\"divider.default\">\n\t\t\t\t<div class=\"elementor-widget-container\">\n\t\t\t\t\t<div class=\"elementor-divider\">\n\t\t\t<span class=\"elementor-divider-separator\">\n\t\t\t\t\t\t<\/span>\n\t\t<\/div>\n\t\t\t\t<\/div>\n\t\t\t\t<\/div>\n\t\t\t\t<div class=\"elementor-element elementor-element-6ba410b elementor-widget elementor-widget-text-editor\" data-id=\"6ba410b\" data-element_type=\"widget\" data-widget_type=\"text-editor.default\">\n\t\t\t\t<div class=\"elementor-widget-container\">\n\t\t\t\t\t\t\t\t<div class=\"elementor-text-editor elementor-clearfix\">\n\t\t\t\t<p><span style=\"font-size: 8pt; color: #808080;\">05.07.2022<\/span><\/p><p><strong>\u00d6ffnungszeiten wegen Krankheit und Ferien<\/strong><\/p><p>Die Praxis ist im Moment geschlossen, da wir aufgrund von Ferien und Krankheit nicht anwesend sein k\u00f6nnen. Vereinbarte Termine werden telefonsich storniert und wir hoffen, dass voraussichtlich am Freitag, 08.07.22, Herr Bowee wieder arbeiten wird. Besten Dank f\u00fcr Ihr Verst\u00e4ndnis.<\/p>\t\t\t\t\t<\/div>\n\t\t\t\t\t\t<\/div>\n\t\t\t\t<\/div>\n\t\t\t\t<div class=\"elementor-element elementor-element-084b04b elementor-widget-divider--view-line elementor-widget elementor-widget-divider\" data-id=\"084b04b\" data-element_type=\"widget\" data-widget_type=\"divider.default\">\n\t\t\t\t<div class=\"elementor-widget-container\">\n\t\t\t\t\t<div class=\"elementor-divider\">\n\t\t\t<span class=\"elementor-divider-separator\">\n\t\t\t\t\t\t<\/span>\n\t\t<\/div>\n\t\t\t\t<\/div>\n\t\t\t\t<\/div>\n\t\t\t\t<div class=\"elementor-element elementor-element-9d2fc46 elementor-widget elementor-widget-text-editor\" data-id=\"9d2fc46\" data-element_type=\"widget\" data-widget_type=\"text-editor.default\">\n\t\t\t\t<div class=\"elementor-widget-container\">\n\t\t\t\t\t\t\t\t<div class=\"elementor-text-editor elementor-clearfix\">\n\t\t\t\t<p><span style=\"font-size: 8pt; color: #808080;\">22.06.2022<\/span><\/p><p><strong>Neue MitarbeiterIn gesucht!<\/strong><\/p><p>Wir suchen auf August oder nach Vereinbarung Verst\u00e4rkung f\u00fcr unser Team. Du suchst eine berufliche Ver\u00e4nderung und Herausforderung und bist daran interessiert, in einem kleinen, motivierten Team zu arbeiten? Oder du kennst jemanden, der gut zu uns passen w\u00fcrde und Freude am Physioberuf hat ? Dann melde dich bei mir! Wir suchen eine neue MitarbeiterIn mit einem Arbeitspensum zwischen 40-100%. Es w\u00fcrde uns sehr freuen, dich pers\u00f6nlich kennenzulernen.\u00a0<\/p>\t\t\t\t\t<\/div>\n\t\t\t\t\t\t<\/div>\n\t\t\t\t<\/div>\n\t\t\t\t<div class=\"elementor-element elementor-element-e049d5b elementor-widget-divider--view-line elementor-widget elementor-widget-divider\" data-id=\"e049d5b\" data-element_type=\"widget\" data-widget_type=\"divider.default\">\n\t\t\t\t<div class=\"elementor-widget-container\">\n\t\t\t\t\t<div class=\"elementor-divider\">\n\t\t\t<span class=\"elementor-divider-separator\">\n\t\t\t\t\t\t<\/span>\n\t\t<\/div>\n\t\t\t\t<\/div>\n\t\t\t\t<\/div>\n\t\t\t\t<div class=\"elementor-element elementor-element-0863845 elementor-widget elementor-widget-spacer\" data-id=\"0863845\" data-element_type=\"widget\" data-widget_type=\"spacer.default\">\n\t\t\t\t<div class=\"elementor-widget-container\">\n\t\t\t\t\t<div class=\"elementor-spacer\">\n\t\t\t<div class=\"elementor-spacer-inner\"><\/div>\n\t\t<\/div>\n\t\t\t\t<\/div>\n\t\t\t\t<\/div>\n\t\t\t\t<div class=\"elementor-element elementor-element-4169aa2 elementor-widget elementor-widget-text-editor\" data-id=\"4169aa2\" data-element_type=\"widget\" data-widget_type=\"text-editor.default\">\n\t\t\t\t<div class=\"elementor-widget-container\">\n\t\t\t\t\t\t\t\t<div class=\"elementor-text-editor elementor-clearfix\">\n\t\t\t\t<span style=\"font-size: 8pt; color: #808080;\">31.05.2022<\/span>\n\n<strong>Mitarbeiterwechsel per 01.06.2022<\/strong>\n<p style=\"text-align: justify;\">Wir freuen uns, Ihnen unsere neue Mitarbeiterin Nicole Meier<img loading=\"lazy\" decoding=\"async\" class=\"alignright size-full wp-image-578\" src=\"https:\/\/awida.ch\/wordpress\/wp-content\/uploads\/2022\/06\/nicole_news.jpg\" alt=\"\" width=\"186\" height=\"250\" \/> vorzustellen zu d\u00fcrfen. Frau Meier wird ab 02.06.2022 bei uns jeweils Montag und Donnerstag als Physiotherapeutin arbeiten. Wir w\u00fcnschen ihr einen guten und fr\u00f6hlichen Start bei Awida und ich freuen mich sehr, mit ihr eine erfahrene, kompetente und ins Team passende Therapeutin gefunden zu haben.<\/p>\n<p style=\"text-align: justify;\">Leider hat uns Frau Hind Chouikh per Ende Mai verlassen, da sie eine ihrem Wohnort n\u00e4her gelegene Praxis zum Arbeiten gefunden hat. Wir w\u00fcnschen ihr alles Gute und herzlichen Dank f\u00fcr die letzten drei Jahre Einsatz und die gute Zusammenarbeit!<\/p>\t\t\t\t\t<\/div>\n\t\t\t\t\t\t<\/div>\n\t\t\t\t<\/div>\n\t\t\t\t<div class=\"elementor-element elementor-element-39196ab elementor-widget-divider--view-line elementor-widget elementor-widget-divider\" data-id=\"39196ab\" data-element_type=\"widget\" data-widget_type=\"divider.default\">\n\t\t\t\t<div class=\"elementor-widget-container\">\n\t\t\t\t\t<div class=\"elementor-divider\">\n\t\t\t<span class=\"elementor-divider-separator\">\n\t\t\t\t\t\t<\/span>\n\t\t<\/div>\n\t\t\t\t<\/div>\n\t\t\t\t<\/div>\n\t\t\t\t<div class=\"elementor-element elementor-element-d26e35a elementor-widget elementor-widget-text-editor\" data-id=\"d26e35a\" data-element_type=\"widget\" data-widget_type=\"text-editor.default\">\n\t\t\t\t<div class=\"elementor-widget-container\">\n\t\t\t\t\t\t\t\t<div class=\"elementor-text-editor elementor-clearfix\">\n\t\t\t\t<p><span style=\"font-size: 8pt; color: #808080;\">14. 04.2022<\/span><\/p><p><strong>Frohe Ostern!<\/strong><\/p><p>Unsere \u00d6ffnungszeiten sind \u00fcber die Osterfeiertage wie folgt: die Praxis ist ge\u00f6ffnet am Gr\u00fcndonnerstag bis 16.00 Uhr, dann wieder ab Dienstag, 19. April, 8.00 Uhr. Ihr Anliegen k\u00f6nnen Sie in der Zwischenzeit gerne per Mail oder auf dem Telefonbeantworter hinterlassen, wir melden uns dann bei Ihnen, sobald wir wieder da sind. Wir w\u00fcnschen allen sch\u00f6ne Ostern und erholsame Tage.<\/p>\t\t\t\t\t<\/div>\n\t\t\t\t\t\t<\/div>\n\t\t\t\t<\/div>\n\t\t\t\t<div class=\"elementor-element elementor-element-6e3faf5 elementor-widget-divider--view-line elementor-widget elementor-widget-divider\" data-id=\"6e3faf5\" data-element_type=\"widget\" data-widget_type=\"divider.default\">\n\t\t\t\t<div class=\"elementor-widget-container\">\n\t\t\t\t\t<div class=\"elementor-divider\">\n\t\t\t<span class=\"elementor-divider-separator\">\n\t\t\t\t\t\t<\/span>\n\t\t<\/div>\n\t\t\t\t<\/div>\n\t\t\t\t<\/div>\n\t\t\t\t<div class=\"elementor-element elementor-element-bf74639 elementor-widget elementor-widget-text-editor\" data-id=\"bf74639\" data-element_type=\"widget\" data-widget_type=\"text-editor.default\">\n\t\t\t\t<div class=\"elementor-widget-container\">\n\t\t\t\t\t\t\t\t<div class=\"elementor-text-editor elementor-clearfix\">\n\t\t\t\t<p><span style=\"font-size: 8pt; color: #999999;\">01.04.2022<\/span><\/p><p><strong>Maskensituation in der Praxis Awida<\/strong><\/p><p style=\"text-align: justify;\">Der Bundesrat hat entschieden, dass ab heute 01.04.2022 die Maskenpflicht aufgehoben wird. Ebenso die Isolationspflicht bei Personen, welche am Coronavirus erkrankt sind. F\u00fcr unsere Praxis gilt aber nach wie vor: Bitte bleiben Sie bei Symptomen zu Hause und kommen Sie nicht zur Therapie. Sie sch\u00fctzen dadurch andere, oft sehr kranke, gebr\u00e4chliche und \u00e4ltere Menschen, die bei uns ein und aus gehen. Zudem braucht Ihr K\u00f6rper bei einer Infektion (egal welche) m\u00f6glichst viel Ruhe und es ist therapeutisch nicht sinnvoll, sich dann behandeln zu lassen oder ich anzustrengen. Wir werden das Tragen der Maske bei allen Personen weiterhin empfehlen, sicher bis sich die aktuelle Lage mit den Fallzahlen ein wenig beruhigt hat. Wir hoffen auf Ihr Verst\u00e4ndnis und w\u00fcnschen Ihnen gute Gesundheit.<\/p>\t\t\t\t\t<\/div>\n\t\t\t\t\t\t<\/div>\n\t\t\t\t<\/div>\n\t\t\t\t<div class=\"elementor-element elementor-element-ac3d948 elementor-widget-divider--view-line elementor-widget elementor-widget-divider\" data-id=\"ac3d948\" data-element_type=\"widget\" data-widget_type=\"divider.default\">\n\t\t\t\t<div class=\"elementor-widget-container\">\n\t\t\t\t\t<div class=\"elementor-divider\">\n\t\t\t<span class=\"elementor-divider-separator\">\n\t\t\t\t\t\t<\/span>\n\t\t<\/div>\n\t\t\t\t<\/div>\n\t\t\t\t<\/div>\n\t\t\t\t<div class=\"elementor-element elementor-element-bb074cd elementor-widget elementor-widget-text-editor\" data-id=\"bb074cd\" data-element_type=\"widget\" data-widget_type=\"text-editor.default\">\n\t\t\t\t<div class=\"elementor-widget-container\">\n\t\t\t\t\t\t\t\t<div class=\"elementor-text-editor elementor-clearfix\">\n\t\t\t\t<p><span style=\"font-size: 8pt; color: #808080;\">02.03.2022<\/span><\/p><p><strong>Wir suchen Verst\u00e4rkung!<\/strong><\/p><p style=\"text-align: justify;\">Du suchst eine berufliche Ver\u00e4nderung und Herausforderung und bist daran interessiert, in einem kleinen, motivierten Team zu arbeiten? Oder du kennst jemanden, der gut zu uns passen w\u00fcrde und Freude am Physioberuf hat ? Dann melde dich bei mir! Wir suchen eine neue Mitarbeiterin mit einem Arbeitspensum zwischen 40-100%. Es w\u00fcrde uns sehr freuen, dich pers\u00f6nlich kennenzulernen.\u00a0<\/p>\t\t\t\t\t<\/div>\n\t\t\t\t\t\t<\/div>\n\t\t\t\t<\/div>\n\t\t\t\t<div class=\"elementor-element elementor-element-a2e1e0e elementor-widget-divider--view-line elementor-widget elementor-widget-divider\" data-id=\"a2e1e0e\" data-element_type=\"widget\" data-widget_type=\"divider.default\">\n\t\t\t\t<div class=\"elementor-widget-container\">\n\t\t\t\t\t<div class=\"elementor-divider\">\n\t\t\t<span class=\"elementor-divider-separator\">\n\t\t\t\t\t\t<\/span>\n\t\t<\/div>\n\t\t\t\t<\/div>\n\t\t\t\t<\/div>\n\t\t\t\t<div class=\"elementor-element elementor-element-4df1c6a elementor-widget elementor-widget-text-editor\" data-id=\"4df1c6a\" data-element_type=\"widget\" data-widget_type=\"text-editor.default\">\n\t\t\t\t<div class=\"elementor-widget-container\">\n\t\t\t\t\t\t\t\t<div class=\"elementor-text-editor elementor-clearfix\">\n\t\t\t\t<p><span style=\"font-size: 8pt; color: #808080;\">18.02.2022<\/span><\/p><p><strong>Bitte weiterhin Masken tragen<\/strong><\/p><p style=\"text-align: justify;\">Der Bundesrat hat die meisten Massnahmen zur Bek\u00e4mpfung der Coronapandemie per 17. Februar aufgehoben. Beibehalten hat er die Maskenpflicht im \u00f6ffentlichen Verkehr und in den Gesundheitseinrichtungen. Wir f\u00fchren zum Schutz vulnerabler Personen (Patienten und Mitarbeiter) die Maskenpflicht auf freiwilliger Basis weiter und bitten alle Kundinnen und Kunden, die bisherigen Hygienemassnahmen anzuwenden. Dies wird auch von unserem Verband physioswiss so empfohlen und ist sicher in der aktuellen Situation sinnvoll. Wir danken allen f\u00fcr Ihr Verst\u00e4ndnis und w\u00fcnschen Ihnen einen sch\u00f6nen Fr\u00fchling.<\/p>\t\t\t\t\t<\/div>\n\t\t\t\t\t\t<\/div>\n\t\t\t\t<\/div>\n\t\t\t\t<div class=\"elementor-element elementor-element-3bbf278 elementor-widget elementor-widget-spacer\" data-id=\"3bbf278\" data-element_type=\"widget\" data-widget_type=\"spacer.default\">\n\t\t\t\t<div class=\"elementor-widget-container\">\n\t\t\t\t\t<div class=\"elementor-spacer\">\n\t\t\t<div class=\"elementor-spacer-inner\"><\/div>\n\t\t<\/div>\n\t\t\t\t<\/div>\n\t\t\t\t<\/div>\n\t\t\t\t<div class=\"elementor-element elementor-element-6b7d77a elementor-widget-divider--view-line elementor-widget elementor-widget-divider\" data-id=\"6b7d77a\" data-element_type=\"widget\" data-widget_type=\"divider.default\">\n\t\t\t\t<div class=\"elementor-widget-container\">\n\t\t\t\t\t<div class=\"elementor-divider\">\n\t\t\t<span class=\"elementor-divider-separator\">\n\t\t\t\t\t\t<\/span>\n\t\t<\/div>\n\t\t\t\t<\/div>\n\t\t\t\t<\/div>\n\t\t\t\t<div class=\"elementor-element elementor-element-4effe25 elementor-widget elementor-widget-text-editor\" data-id=\"4effe25\" data-element_type=\"widget\" data-widget_type=\"text-editor.default\">\n\t\t\t\t<div class=\"elementor-widget-container\">\n\t\t\t\t\t\t\t\t<div class=\"elementor-text-editor elementor-clearfix\">\n\t\t\t\t<p><span style=\"font-size: 8pt; color: #808080;\">13.01.2022<\/span><\/p><p><strong>Heutige \u00d6ffnungszeiten<\/strong><\/p><p>Die Praxis ist heute Nachmittag aufgrund von Weiterbildung geschlossen. Wir sind gerne morgen Freitag wieder wie gewohnt f\u00fcr Sie da.<\/p>\t\t\t\t\t<\/div>\n\t\t\t\t\t\t<\/div>\n\t\t\t\t<\/div>\n\t\t\t\t<div class=\"elementor-element elementor-element-d333947 elementor-widget-divider--view-line elementor-widget elementor-widget-divider\" data-id=\"d333947\" data-element_type=\"widget\" data-widget_type=\"divider.default\">\n\t\t\t\t<div class=\"elementor-widget-container\">\n\t\t\t\t\t<div class=\"elementor-divider\">\n\t\t\t<span class=\"elementor-divider-separator\">\n\t\t\t\t\t\t<\/span>\n\t\t<\/div>\n\t\t\t\t<\/div>\n\t\t\t\t<\/div>\n\t\t\t\t<div class=\"elementor-element elementor-element-7b021d7 elementor-widget elementor-widget-text-editor\" data-id=\"7b021d7\" data-element_type=\"widget\" data-widget_type=\"text-editor.default\">\n\t\t\t\t<div class=\"elementor-widget-container\">\n\t\t\t\t\t\t\t\t<div class=\"elementor-text-editor elementor-clearfix\">\n\t\t\t\t<p><span style=\"font-size: 8pt; color: #808080;\">03.01.2022<\/span><\/p><p><strong>Fr\u00f6hliches &amp; gesundes neues Jahr!<\/strong><\/p><p>Wir w\u00fcnschen allen zusammen ein richtig fr\u00f6hliches, gesundes und sch\u00f6nes 2022! Wir freuen uns, Sie auch in diesem Jahr mit unserem breiten Fachwissen unterst\u00fctzen zu d\u00fcrfen.<\/p>\t\t\t\t\t<\/div>\n\t\t\t\t\t\t<\/div>\n\t\t\t\t<\/div>\n\t\t\t\t<div class=\"elementor-element elementor-element-345f429 elementor-widget-divider--view-line elementor-widget elementor-widget-divider\" data-id=\"345f429\" data-element_type=\"widget\" data-widget_type=\"divider.default\">\n\t\t\t\t<div class=\"elementor-widget-container\">\n\t\t\t\t\t<div class=\"elementor-divider\">\n\t\t\t<span class=\"elementor-divider-separator\">\n\t\t\t\t\t\t<\/span>\n\t\t<\/div>\n\t\t\t\t<\/div>\n\t\t\t\t<\/div>\n\t\t\t\t<div class=\"elementor-element elementor-element-89ba947 elementor-widget elementor-widget-text-editor\" data-id=\"89ba947\" data-element_type=\"widget\" data-widget_type=\"text-editor.default\">\n\t\t\t\t<div class=\"elementor-widget-container\">\n\t\t\t\t\t\t\t\t<div class=\"elementor-text-editor elementor-clearfix\">\n\t\t\t\t<p><span style=\"font-size: 8pt; color: #808080;\">17.12.2021<\/span><\/p><p><strong>\u00d6ffnungszeiten Weihnachten\/Neujahr<\/strong><\/p><p>Unsere Praxis ist am 23., 24. sowie am 31. Dezember zus\u00e4tzlich zu den offiziellen Feiertagen geschlossen. Wir w\u00fcnschen allen eine erholsame Weihnachtszeit und fr\u00f6hliche Festtage.<\/p>\t\t\t\t\t<\/div>\n\t\t\t\t\t\t<\/div>\n\t\t\t\t<\/div>\n\t\t\t\t<div class=\"elementor-element elementor-element-06a57a1 elementor-widget-divider--view-line elementor-widget elementor-widget-divider\" data-id=\"06a57a1\" data-element_type=\"widget\" data-widget_type=\"divider.default\">\n\t\t\t\t<div class=\"elementor-widget-container\">\n\t\t\t\t\t<div class=\"elementor-divider\">\n\t\t\t<span class=\"elementor-divider-separator\">\n\t\t\t\t\t\t<\/span>\n\t\t<\/div>\n\t\t\t\t<\/div>\n\t\t\t\t<\/div>\n\t\t\t\t<div class=\"elementor-element elementor-element-03c7a17 elementor-widget elementor-widget-text-editor\" data-id=\"03c7a17\" data-element_type=\"widget\" data-widget_type=\"text-editor.default\">\n\t\t\t\t<div class=\"elementor-widget-container\">\n\t\t\t\t\t\t\t\t<div class=\"elementor-text-editor elementor-clearfix\">\n\t\t\t\t<p><span style=\"font-size: 8pt; color: #808080;\">29.10.2021<\/span><\/p><p><strong>Telefonische Erreichbarkeit<\/strong><\/p><p style=\"text-align: justify;\">Unser Telefon ist leider ausgestiegen und defekt. Deshalb kam es gestern und heute zu Problemen, uns telefonisch zu erreichen. Wir sind daran, das neue Telefon zu installieren und werden in K\u00fcrze wieder erreichbar sein. Bei dringenden Anliegen k\u00f6nnen Sie uns gerne per Mail unter hin@awida.ch oder info@awida.ch erreichen. Besten Dank f\u00fcr Ihr Verst\u00e4ndnis und ein sch\u00f6nes, farbenfrohes Herbstwochenende!<\/p>\t\t\t\t\t<\/div>\n\t\t\t\t\t\t<\/div>\n\t\t\t\t<\/div>\n\t\t\t\t<div class=\"elementor-element elementor-element-4b33679 elementor-widget-divider--view-line elementor-widget elementor-widget-divider\" data-id=\"4b33679\" data-element_type=\"widget\" data-widget_type=\"divider.default\">\n\t\t\t\t<div class=\"elementor-widget-container\">\n\t\t\t\t\t<div class=\"elementor-divider\">\n\t\t\t<span class=\"elementor-divider-separator\">\n\t\t\t\t\t\t<\/span>\n\t\t<\/div>\n\t\t\t\t<\/div>\n\t\t\t\t<\/div>\n\t\t\t\t<div class=\"elementor-element elementor-element-2dfdb74 elementor-widget elementor-widget-text-editor\" data-id=\"2dfdb74\" data-element_type=\"widget\" data-widget_type=\"text-editor.default\">\n\t\t\t\t<div class=\"elementor-widget-container\">\n\t\t\t\t\t\t\t\t<div class=\"elementor-text-editor elementor-clearfix\">\n\t\t\t\t<p><span style=\"font-size: 8pt; color: #808080;\">19. 05.2021<\/span><\/p><p><strong>Selbstzahlerbasis<\/strong><\/p><p>Ab 01.06.2021 werden wir unsere Preise f\u00fcr Kundinnen und Kunden auf Selbstzahlerbasis anpassen m\u00fcssen. F\u00fcr n\u00e4here Informationen klicken Sie auf &#8222;Praxis&#8220;; dort finden Sie alle Angaben unter &#8222;Preise&#8220;. Es besteht jederzeit\u00a0 die M\u00f6glichkeit, nach Beendigung einer Therapie bei uns weitere Sitzungen auf eigene Kosten zu buchen. Sei es f\u00fcr eine entspannende Massage oder auch zur Kontrolle des Heimprogrammes oder Kl\u00e4rung allgemeiner Fragen (z.B. \u00fcber Haltung, Trainingsaufbau, Regeneration usw.). Wir freuen uns darauf, Sie auch weiterhin auf Ihrem Weg unterst\u00fctzen zu d\u00fcrfen!<\/p>\t\t\t\t\t<\/div>\n\t\t\t\t\t\t<\/div>\n\t\t\t\t<\/div>\n\t\t\t\t<div class=\"elementor-element elementor-element-46cf18f elementor-widget-divider--view-line elementor-widget elementor-widget-divider\" data-id=\"46cf18f\" data-element_type=\"widget\" data-widget_type=\"divider.default\">\n\t\t\t\t<div class=\"elementor-widget-container\">\n\t\t\t\t\t<div class=\"elementor-divider\">\n\t\t\t<span class=\"elementor-divider-separator\">\n\t\t\t\t\t\t<\/span>\n\t\t<\/div>\n\t\t\t\t<\/div>\n\t\t\t\t<\/div>\n\t\t\t\t<div class=\"elementor-element elementor-element-8d0b151 elementor-widget elementor-widget-text-editor\" data-id=\"8d0b151\" data-element_type=\"widget\" data-widget_type=\"text-editor.default\">\n\t\t\t\t<div class=\"elementor-widget-container\">\n\t\t\t\t\t\t\t\t<div class=\"elementor-text-editor elementor-clearfix\">\n\t\t\t\t<p><span style=\"font-size: 8pt; color: #808080;\">02.02.2021<\/span><\/p><p><strong>Neu: HIN-Adresse<\/strong><\/p><p style=\"text-align: justify;\">Aufgrund der steigenden, elektronischen Kommunikation mit \u00c4rzten, Kliniken und Patienten haben wir eine zus\u00e4tzliche Emailadresse installieren lassen. \u00dcber diese HIN-Adresse lassen sich medizinische Daten sicher und datenschutzkonform austauschen. Es werden ab heute sowohl die alte info@awida.ch als auch die neue Emailadresse awida@hin.ch in Betrieb sein. Wir bitten unsere Zulieferer und Kunden, welche sensible Daten senden m\u00f6chten, die HIN-Adresse zu verwenden. Besten Dank.<\/p><div>\u00a0<\/div>\t\t\t\t\t<\/div>\n\t\t\t\t\t\t<\/div>\n\t\t\t\t<\/div>\n\t\t\t\t<div class=\"elementor-element elementor-element-1e20c2e elementor-widget-divider--view-line elementor-widget elementor-widget-divider\" data-id=\"1e20c2e\" data-element_type=\"widget\" data-widget_type=\"divider.default\">\n\t\t\t\t<div class=\"elementor-widget-container\">\n\t\t\t\t\t<div class=\"elementor-divider\">\n\t\t\t<span class=\"elementor-divider-separator\">\n\t\t\t\t\t\t<\/span>\n\t\t<\/div>\n\t\t\t\t<\/div>\n\t\t\t\t<\/div>\n\t\t\t\t<div class=\"elementor-element elementor-element-5fbfbb3 elementor-widget elementor-widget-text-editor\" data-id=\"5fbfbb3\" data-element_type=\"widget\" data-widget_type=\"text-editor.default\">\n\t\t\t\t<div class=\"elementor-widget-container\">\n\t\t\t\t\t\t\t\t<div class=\"elementor-text-editor elementor-clearfix\">\n\t\t\t\t<p><span style=\"font-size: 8pt; color: #808080;\">15.12.2020<\/span><\/p><p><strong>Parkscheibe stellen<\/strong><\/p><p>Aufgrund der neuen Regelung durch unsere Verwaltung m\u00fcssen dringend Parkscheiben gestellt werden, wenn die Parkpl\u00e4tze rund um die Zollweide genutzt werden (z.B. auf den gelben, nummerierten Felder vor dem Denner, beim Restaurant Bonanza oder bei der Praxis Awida im Hinterhof). Es darf max. 2 Stunden geparkt werden und muss wie in der blauen Zone angezeigt werden. Die Verwaltung wird ab Dezember vermehrt Kontrollen durchf\u00fchren.<\/p>\t\t\t\t\t<\/div>\n\t\t\t\t\t\t<\/div>\n\t\t\t\t<\/div>\n\t\t\t\t<div class=\"elementor-element elementor-element-dcb162f elementor-widget-divider--view-line elementor-widget elementor-widget-divider\" data-id=\"dcb162f\" data-element_type=\"widget\" data-widget_type=\"divider.default\">\n\t\t\t\t<div class=\"elementor-widget-container\">\n\t\t\t\t\t<div class=\"elementor-divider\">\n\t\t\t<span class=\"elementor-divider-separator\">\n\t\t\t\t\t\t<\/span>\n\t\t<\/div>\n\t\t\t\t<\/div>\n\t\t\t\t<\/div>\n\t\t\t\t<div class=\"elementor-element elementor-element-9400de1 elementor-widget elementor-widget-text-editor\" data-id=\"9400de1\" data-element_type=\"widget\" data-widget_type=\"text-editor.default\">\n\t\t\t\t<div class=\"elementor-widget-container\">\n\t\t\t\t\t\t\t\t<div class=\"elementor-text-editor elementor-clearfix\">\n\t\t\t\t<p><span style=\"font-size: 8pt; color: #808080;\">21. Oktober 2020<\/span><\/p><p><strong>Herbstliche Temperaturen<\/strong><\/p><p style=\"text-align: justify;\">Seit dieser Woche gibt es wieder strengere Regeln in den \u00f6ffentlichen R\u00e4umen wegen der Coronapandemie. F\u00fcr unsere Praxis bleibt alles gleich, da unsere Hygienemassnahmen sehr streng sind und auch strikt angewandt werden. Im neuen Wartezimmer, das sich direkt beim Hauseingang befindet, m\u00fcssen die Masken ebenfalls getragen werden. Wir danken allen f\u00fcr das Verst\u00e4ndnis und die gute Mitarbeit und w\u00fcnschen Ihnen einen frohen, farbigen und gesunden Herbst!<\/p>\t\t\t\t\t<\/div>\n\t\t\t\t\t\t<\/div>\n\t\t\t\t<\/div>\n\t\t\t\t<div class=\"elementor-element elementor-element-fc40094 elementor-widget elementor-widget-text-editor\" data-id=\"fc40094\" data-element_type=\"widget\" data-widget_type=\"text-editor.default\">\n\t\t\t\t<div class=\"elementor-widget-container\">\n\t\t\t\t\t\t\t\t<div class=\"elementor-text-editor elementor-clearfix\">\n\t\t\t\t\t\t\t\t\t<\/div>\n\t\t\t\t\t\t<\/div>\n\t\t\t\t<\/div>\n\t\t\t\t<div class=\"elementor-element elementor-element-0b02e2f elementor-widget-divider--view-line elementor-widget elementor-widget-divider\" data-id=\"0b02e2f\" data-element_type=\"widget\" data-widget_type=\"divider.default\">\n\t\t\t\t<div class=\"elementor-widget-container\">\n\t\t\t\t\t<div class=\"elementor-divider\">\n\t\t\t<span class=\"elementor-divider-separator\">\n\t\t\t\t\t\t<\/span>\n\t\t<\/div>\n\t\t\t\t<\/div>\n\t\t\t\t<\/div>\n\t\t\t\t<div class=\"elementor-element elementor-element-b5e8b06 elementor-widget elementor-widget-text-editor\" data-id=\"b5e8b06\" data-element_type=\"widget\" data-widget_type=\"text-editor.default\">\n\t\t\t\t<div class=\"elementor-widget-container\">\n\t\t\t\t\t\t\t\t<div class=\"elementor-text-editor elementor-clearfix\">\n\t\t\t\t<p style=\"text-align: justify;\"><span style=\"font-size: 8pt; color: #808080;\">22. September 2020<\/span><\/p><p><strong>Neuer Wartebereich indoor<\/strong><\/p><p style=\"text-align: justify;\">Wir freuen uns, dass wir das Gl\u00fcck hatten, einen weiteren Raum zu mieten, um f\u00fcr die k\u00e4ltere Jahreszeit einen Wartebereich im Warmen anbieten zu k\u00f6nnen. Dieser befindet sich direkt vis-\u00e0-vis der grossen Eingangt\u00fcre. Bitte treten Sie ein, Sie werden von Ihrem Therapeuten gerne dort abgeholt.<\/p>\t\t\t\t\t<\/div>\n\t\t\t\t\t\t<\/div>\n\t\t\t\t<\/div>\n\t\t\t\t<div class=\"elementor-element elementor-element-711e7d3 elementor-widget-divider--view-line elementor-widget elementor-widget-divider\" data-id=\"711e7d3\" data-element_type=\"widget\" data-widget_type=\"divider.default\">\n\t\t\t\t<div class=\"elementor-widget-container\">\n\t\t\t\t\t<div class=\"elementor-divider\">\n\t\t\t<span class=\"elementor-divider-separator\">\n\t\t\t\t\t\t<\/span>\n\t\t<\/div>\n\t\t\t\t<\/div>\n\t\t\t\t<\/div>\n\t\t\t\t<div class=\"elementor-element elementor-element-480a8e4 elementor-widget elementor-widget-text-editor\" data-id=\"480a8e4\" data-element_type=\"widget\" data-widget_type=\"text-editor.default\">\n\t\t\t\t<div class=\"elementor-widget-container\">\n\t\t\t\t\t\t\t\t<div class=\"elementor-text-editor elementor-clearfix\">\n\t\t\t\t<p><span style=\"font-size: 8pt; color: #808080;\">27. August 2020<\/span><\/p><p style=\"text-align: justify;\"><strong>Craniosakraltherapie<\/strong><\/p><p style=\"text-align: justify;\">Seit Januar dieses Jahres habe ich (Andrea Wicki) fast ausschliesslich Craniosakraltherpie angeboten und selbst nur noch wenige Physiotherapien durchgef\u00fchrt (Vertretungen bei Ferienabwesenheiten im Team, Supervisionen etc.). Aufgrund des grossen Interesses und meinem pers\u00f6nlichen Wunsch, beruflich diesen alternativen Weg zu gehen, werde ich in meinen Arbeitsplan auch in Zukunft die Pl\u00e4tze f\u00fcr die Cranio zur Verf\u00fcgung stellen. Die Craniosakraltherapie kann \u00fcber die Alternativversicherung Ihrer Krankenkasse abgerechnet oder auch als Selbstzahler ohne \u00e4rztliches Rezept in Anspruch genommen werden. F\u00fcr die Physiotherapie sind Frau Hind Chouikh und Herr Christoph Bowee weiterhin f\u00fcr Sie da. Ich bedanke mich bei allen Kundinnen und Kunden f\u00fcr die jahrelange Treue und die sch\u00f6ne Zusammenarbeit.<\/p>\t\t\t\t\t<\/div>\n\t\t\t\t\t\t<\/div>\n\t\t\t\t<\/div>\n\t\t\t\t<div class=\"elementor-element elementor-element-e13e220 elementor-widget elementor-widget-spacer\" data-id=\"e13e220\" data-element_type=\"widget\" data-widget_type=\"spacer.default\">\n\t\t\t\t<div class=\"elementor-widget-container\">\n\t\t\t\t\t<div class=\"elementor-spacer\">\n\t\t\t<div class=\"elementor-spacer-inner\"><\/div>\n\t\t<\/div>\n\t\t\t\t<\/div>\n\t\t\t\t<\/div>\n\t\t\t\t<div class=\"elementor-element elementor-element-1be8a6d elementor-widget-divider--view-line elementor-widget elementor-widget-divider\" data-id=\"1be8a6d\" data-element_type=\"widget\" data-widget_type=\"divider.default\">\n\t\t\t\t<div class=\"elementor-widget-container\">\n\t\t\t\t\t<div class=\"elementor-divider\">\n\t\t\t<span class=\"elementor-divider-separator\">\n\t\t\t\t\t\t<\/span>\n\t\t<\/div>\n\t\t\t\t<\/div>\n\t\t\t\t<\/div>\n\t\t\t\t<div class=\"elementor-element elementor-element-5515dcb elementor-widget elementor-widget-text-editor\" data-id=\"5515dcb\" data-element_type=\"widget\" data-widget_type=\"text-editor.default\">\n\t\t\t\t<div class=\"elementor-widget-container\">\n\t\t\t\t\t\t\t\t<div class=\"elementor-text-editor elementor-clearfix\">\n\t\t\t\t<p><span style=\"font-size: 8pt; color: #808080;\">15. Juni 2020<\/span><\/p><p style=\"text-align: justify;\"><strong>Schutzmassnahmen in unserer Praxis<\/strong><\/p><p style=\"text-align: justify;\">Die Schutzmassnahmen, welche vom Kanton vorgegeben wurden, m\u00fcssen nach wie vor eingehalten werden. Deshalb tragen bei uns in der Praxis auch die Patienten eine Maske, da der Sicherheitsabstand von 2 Metern nicht eingehalten werden kann w\u00e4hrend den Therapien. Wir bitten alle Kunden, die eigene Maske mitzubringen und sich an die Hygienemassnahmen zu halten. Der Wartebereich befindet sich weiterhin vor der Praxis an der frischen Luft, wo St\u00fchle in gen\u00fcgendem Abstand zur Verf\u00fcgung stehen.<\/p><p style=\"text-align: justify;\">Ebenfalls bitten wir Sie, sich fr\u00fchzeitig bei Husten, Fieber, Unwohlsein oder Durchfall abzumelden.<\/p><p style=\"text-align: justify;\">Wir danken Ihnen f\u00fcr Ihre Mitarbeit und Ihr Verst\u00e4ndnis und w\u00fcnschen Ihnen einen sch\u00f6nen Tag und gute Gesundheit.<\/p>\t\t\t\t\t<\/div>\n\t\t\t\t\t\t<\/div>\n\t\t\t\t<\/div>\n\t\t\t\t<div class=\"elementor-element elementor-element-cd68883 elementor-widget-divider--view-line elementor-widget elementor-widget-divider\" data-id=\"cd68883\" data-element_type=\"widget\" data-widget_type=\"divider.default\">\n\t\t\t\t<div class=\"elementor-widget-container\">\n\t\t\t\t\t<div class=\"elementor-divider\">\n\t\t\t<span class=\"elementor-divider-separator\">\n\t\t\t\t\t\t<\/span>\n\t\t<\/div>\n\t\t\t\t<\/div>\n\t\t\t\t<\/div>\n\t\t\t\t<div class=\"elementor-element elementor-element-ec82064 elementor-widget elementor-widget-text-editor\" data-id=\"ec82064\" data-element_type=\"widget\" data-widget_type=\"text-editor.default\">\n\t\t\t\t<div class=\"elementor-widget-container\">\n\t\t\t\t\t\t\t\t<div class=\"elementor-text-editor elementor-clearfix\">\n\t\t\t\t<p><span style=\"font-size: 8pt; color: #999999;\">11. Mai 2020<\/span><\/p><p><strong>Therapieangebot unter Covid-19-Massnahmen<br \/><\/strong><\/p><p style=\"text-align: justify;\">Seit bereits zwei Wochen arbeiten wir mit den strengen Hygienemassnahmen, welche strikt eingehalten werden bei uns in der Praxis. Obwohl der Bund keine allgemeine Maskenpflicht angeordnet hat, m\u00fcssen alle Personen eine Maske tragen, wo der Sicherheitsabstand von 2 Metern berufsbedingt nicht eingehalten werden kann. Dies bedeutet f\u00fcr uns, dass alle Therapeuten, Patientinnen und Patienten sowie deren Begleitpersonen zwingend eine Maske tragen m\u00fcssen. Der Wartebereich befindet sich weiterhin vor der Praxis an der frischen Luft, wo St\u00fchle in gen\u00fcgendem Abstand zur Verf\u00fcgung stehen. Bitte warten Sie draussen, bis Ihr Therapeut Sie pers\u00f6nlich dort abholt. Vor dem Betreten der Praxis sollten Sie sich die H\u00e4nde desinfizieren oder diese auf der Toilette mit Seife waschen.<\/p><p style=\"text-align: justify;\">Nach wie vor bitten wir Sie, sich fr\u00fchzeitig bei Husten, Fieber, Unwohlsein oder Durchfall abzumelden.<\/p><p style=\"text-align: justify;\">Wir danken Ihnen f\u00fcr Ihre Mitarbeit und Ihr Verst\u00e4ndnis.<\/p>\t\t\t\t\t<\/div>\n\t\t\t\t\t\t<\/div>\n\t\t\t\t<\/div>\n\t\t\t\t<div class=\"elementor-element elementor-element-0de4bf6 elementor-widget-divider--view-line elementor-widget elementor-widget-divider\" data-id=\"0de4bf6\" data-element_type=\"widget\" data-widget_type=\"divider.default\">\n\t\t\t\t<div class=\"elementor-widget-container\">\n\t\t\t\t\t<div class=\"elementor-divider\">\n\t\t\t<span class=\"elementor-divider-separator\">\n\t\t\t\t\t\t<\/span>\n\t\t<\/div>\n\t\t\t\t<\/div>\n\t\t\t\t<\/div>\n\t\t\t\t<div class=\"elementor-element elementor-element-31875bc elementor-widget elementor-widget-text-editor\" data-id=\"31875bc\" data-element_type=\"widget\" data-widget_type=\"text-editor.default\">\n\t\t\t\t<div class=\"elementor-widget-container\">\n\t\t\t\t\t\t\t\t<div class=\"elementor-text-editor elementor-clearfix\">\n\t\t\t\t<p style=\"text-align: justify;\"><span style=\"font-size: 8pt; color: #808080;\">24. April 2020<\/span><\/p><p style=\"text-align: justify;\"><span style=\"font-size: 14pt;\"><strong>Es tut sich was&#8230;<\/strong><\/span><\/p><p style=\"text-align: justify;\"><span style=\"font-size: 14pt;\">Ab dem kommenden Montag, 27. April 2020\u00a0d\u00fcrfen ambulante, medizinische Praxen wieder alle Therapien anbieten und s\u00e4mtliche unterbrochene Behandlungen unter strengen hygienischen Vorschriften fortsetzen. Dies freut uns alle sehr! Damit ein reibungsloser Ablauf in der Praxis auch weiterhin garantiert werden kann, mussten weitere Massnahmen ergriffen werden. Unsere Arbeitspl\u00e4ne wurden \u00fcberarbeitet, damit nicht zu viele Menschen auf einmal in der Praxis sind. Obwohl der Bund keine allgemeine Maskenpflicht angeordnet hat, m\u00fcssen alle Personen eine Maske tragen, wo der Sicherheitsabstand von 2 Metern berufsbedingt nicht eingehalten werden kann. Dies bedeutet f\u00fcr uns, dass alle Therapeuten, Patientinnen und Patienten sowie deren Begleitpersonen zwingend eine Maske tragen m\u00fcssen. Der Wartebereich befindet sich weiterhin vor der Praxis an der frischen Luft, wo St\u00fchle in gen\u00fcgendem Abstand zur Verf\u00fcgung stehen. Bitte warten Sie draussen, bis Ihr Therapeut Sie pers\u00f6nlich dort abholt. Vor dem Betreten der Praxis sollten Sie sich die H\u00e4nde desinfizieren oder diese auf der Toilette mit Seife waschen.<\/span><\/p><p style=\"text-align: justify;\"><span style=\"font-size: 14pt;\">Nach wie vor bitten wir Sie, sich fr\u00fchzeitig bei Husten, Fieber, Unwohlsein oder Durchfall abzumelden.<\/span><\/p><p style=\"text-align: justify;\"><span style=\"font-size: 14pt;\">Wir danken Ihnen f\u00fcr Ihr Vertrauen und Ihr Verst\u00e4ndnis und freuen uns, Sie bald wieder in der Praxis Awida begr\u00fcssen zu d\u00fcrfen.<\/span><\/p>\t\t\t\t\t<\/div>\n\t\t\t\t\t\t<\/div>\n\t\t\t\t<\/div>\n\t\t\t\t<div class=\"elementor-element elementor-element-c3268ca elementor-widget elementor-widget-spacer\" data-id=\"c3268ca\" data-element_type=\"widget\" data-widget_type=\"spacer.default\">\n\t\t\t\t<div class=\"elementor-widget-container\">\n\t\t\t\t\t<div class=\"elementor-spacer\">\n\t\t\t<div class=\"elementor-spacer-inner\"><\/div>\n\t\t<\/div>\n\t\t\t\t<\/div>\n\t\t\t\t<\/div>\n\t\t\t\t<div class=\"elementor-element elementor-element-ccf701e elementor-widget-divider--view-line elementor-widget elementor-widget-divider\" data-id=\"ccf701e\" data-element_type=\"widget\" data-widget_type=\"divider.default\">\n\t\t\t\t<div class=\"elementor-widget-container\">\n\t\t\t\t\t<div class=\"elementor-divider\">\n\t\t\t<span class=\"elementor-divider-separator\">\n\t\t\t\t\t\t<\/span>\n\t\t<\/div>\n\t\t\t\t<\/div>\n\t\t\t\t<\/div>\n\t\t\t\t<div class=\"elementor-element elementor-element-5b83005 elementor-widget elementor-widget-text-editor\" data-id=\"5b83005\" data-element_type=\"widget\" data-widget_type=\"text-editor.default\">\n\t\t\t\t<div class=\"elementor-widget-container\">\n\t\t\t\t\t\t\t\t<div class=\"elementor-text-editor elementor-clearfix\">\n\t\t\t\t<p><span style=\"font-size: 8pt; color: #808080;\">17. April 2020<\/span><\/p><p><strong>Der Lockdown dauert noch etwas an, aber&#8230;<br \/><\/strong><\/p><p style=\"text-align: justify;\">Die aktuelle Situation bleibt f\u00fcr unsere Praxis bis zum 24. April 2020 unver\u00e4ndert. Der Bundesrat hat beschlossen, den Lockdown ab dem 27. April 2020 in drei Schritten zu lockern. Gl\u00fccklicherweise ist es uns erlaubt, als ambulante, medizinische Praxis direkt ab \u00fcbern\u00e4chster Woche wieder alle Therapien anzubieten und die unterbrochenen Behandlungen wieder aufzunehmen. Dies freut uns alle sehr und wir sind aktuell dabei, die Arbeitspl\u00e4ne zu \u00fcberarbeiten, damit ein reibungsloser Ablauf in der Praxis auch weiterhin garantiert werden kann. Mit Hilfe des kantons\u00e4rztlichen Dienstes sind wir in der Lage, auch in naher Zukunft zum Schutz unserer Kunden gen\u00fcgend Masken zu organisieren. Nach wie vor bitten wir Sie, die Hygienemassnahmen unserer Praxis einzuhalten und sich fr\u00fchzeitig bei Husten, Fieber, Unwohlsein oder Durchfall abzumelden.<\/p><p style=\"text-align: justify;\">Wir danken Ihnen f\u00fcr Ihr Vertrauen und Ihr Verst\u00e4ndnis und bleiben Sie gesund.<\/p>\t\t\t\t\t<\/div>\n\t\t\t\t\t\t<\/div>\n\t\t\t\t<\/div>\n\t\t\t\t<div class=\"elementor-element elementor-element-61cd942 elementor-widget elementor-widget-text-editor\" data-id=\"61cd942\" data-element_type=\"widget\" data-widget_type=\"text-editor.default\">\n\t\t\t\t<div class=\"elementor-widget-container\">\n\t\t\t\t\t\t\t\t<div class=\"elementor-text-editor elementor-clearfix\">\n\t\t\t\t\t\t\t\t\t<\/div>\n\t\t\t\t\t\t<\/div>\n\t\t\t\t<\/div>\n\t\t\t\t<div class=\"elementor-element elementor-element-f16e5d2 elementor-widget-divider--view-line elementor-widget elementor-widget-divider\" data-id=\"f16e5d2\" data-element_type=\"widget\" data-widget_type=\"divider.default\">\n\t\t\t\t<div class=\"elementor-widget-container\">\n\t\t\t\t\t<div class=\"elementor-divider\">\n\t\t\t<span class=\"elementor-divider-separator\">\n\t\t\t\t\t\t<\/span>\n\t\t<\/div>\n\t\t\t\t<\/div>\n\t\t\t\t<\/div>\n\t\t\t\t<div class=\"elementor-element elementor-element-05d8a3d elementor-widget elementor-widget-text-editor\" data-id=\"05d8a3d\" data-element_type=\"widget\" data-widget_type=\"text-editor.default\">\n\t\t\t\t<div class=\"elementor-widget-container\">\n\t\t\t\t\t\t\t\t<div class=\"elementor-text-editor elementor-clearfix\">\n\t\t\t\t<p><span style=\"font-size: 8pt; color: #999999;\">07. April 2020<\/span><\/p><p><strong>Aktueller Stand <br \/><\/strong><\/p><p style=\"text-align: justify;\">Unsere Praxis bleibt auch in dieser schwierigen Zeit f\u00fcr medizinisch notwendige Therapien ge\u00f6ffnet, da die vom Bundesamt f\u00fcr Gesundheit (BAG) geforderten Sicherheitsmassnahmen umgesetzt werden konnten und streng eingehalten werden. Es steht uns gen\u00fcgend Schutzmaterial zur Verf\u00fcgung (Sterilium, Masken, Handschuhe, Oberfl\u00e4chendesinfektionsmittel). Der Wartebereich wurde angepasst, so dass gen\u00fcgend Abstand gew\u00e4hrleistet ist. Da nicht mehr alle Therapeuten gleichzeitig anwesend sind und arbeiten, hat es genug Platz f\u00fcr den Sicherheitsabstand zu anderen Kunden. Bitte kommen Sie m\u00f6glichst alleine in die Praxis.<br \/>Bitte halten Sie sich an die ausgeschilderten Hygienemassnahmen und bleiben Sie zu Hause, falls Sie Husten, Fieber, Durchfall, Hals-schmerzen oder Erk\u00e4ltungssymptome haben.<\/p><p style=\"text-align: justify;\">Vielen Dank f\u00fcr Ihr Verst\u00e4ndnis und bleiben Sie gesund.<\/p>\t\t\t\t\t<\/div>\n\t\t\t\t\t\t<\/div>\n\t\t\t\t<\/div>\n\t\t\t\t<div class=\"elementor-element elementor-element-b01eafe elementor-widget-divider--view-line elementor-widget elementor-widget-divider\" data-id=\"b01eafe\" data-element_type=\"widget\" data-widget_type=\"divider.default\">\n\t\t\t\t<div class=\"elementor-widget-container\">\n\t\t\t\t\t<div class=\"elementor-divider\">\n\t\t\t<span class=\"elementor-divider-separator\">\n\t\t\t\t\t\t<\/span>\n\t\t<\/div>\n\t\t\t\t<\/div>\n\t\t\t\t<\/div>\n\t\t\t\t<div class=\"elementor-element elementor-element-6e78272 elementor-widget elementor-widget-text-editor\" data-id=\"6e78272\" data-element_type=\"widget\" data-widget_type=\"text-editor.default\">\n\t\t\t\t<div class=\"elementor-widget-container\">\n\t\t\t\t\t\t\t\t<div class=\"elementor-text-editor elementor-clearfix\">\n\t\t\t\t<p><span style=\"font-size: 8pt; color: #808080;\">01. April 2020<\/span><\/p><p><strong>Aktueller Stand Covid-19<br \/><\/strong><\/p><div style=\"text-align: justify;\"><span style=\"font-size: 14pt;\">Unsere Praxis bleibt auch in dieser schwierigen Zeit f\u00fcr medizinisch notwendige Therapien t\u00e4glich f\u00fcr Sie ge\u00f6ffnet. Selbstverst\u00e4ndlich werden bei dringend angezeigten Behandlungen die Richtlinien des Bundesamtes f\u00fcr Gesundheit (BAG) in unserer Praxis eingehalten. Wir bitten alle Kundinnen und Kunden, sich an die Hygienemassnahmen zu halten und sich bei Erk\u00e4ltungssymptomen, Husten, Fieber, Durchfall oder Unwohlsein abzumelden. <br \/><\/span><\/div>\t\t\t\t\t<\/div>\n\t\t\t\t\t\t<\/div>\n\t\t\t\t<\/div>\n\t\t\t\t<div class=\"elementor-element elementor-element-897bc7b elementor-widget-divider--view-line elementor-widget elementor-widget-divider\" data-id=\"897bc7b\" data-element_type=\"widget\" data-widget_type=\"divider.default\">\n\t\t\t\t<div class=\"elementor-widget-container\">\n\t\t\t\t\t<div class=\"elementor-divider\">\n\t\t\t<span class=\"elementor-divider-separator\">\n\t\t\t\t\t\t<\/span>\n\t\t<\/div>\n\t\t\t\t<\/div>\n\t\t\t\t<\/div>\n\t\t\t\t<div class=\"elementor-element elementor-element-cb5a9a5 elementor-widget elementor-widget-text-editor\" data-id=\"cb5a9a5\" data-element_type=\"widget\" data-widget_type=\"text-editor.default\">\n\t\t\t\t<div class=\"elementor-widget-container\">\n\t\t\t\t\t\t\t\t<div class=\"elementor-text-editor elementor-clearfix\">\n\t\t\t\t<p><span style=\"font-size: 8pt; color: #808080;\">23. April 2020<\/span><\/p><p><strong>Aktueller Stand <br \/><\/strong><\/p><p style=\"text-align: justify;\">Unsere Praxis bleibt auch in dieser schwierigen Zeit f\u00fcr medizinisch notwendige Therapien ge\u00f6ffnet, da die vom Bundesamt f\u00fcr Gesundheit (BAG) geforderten Sicherheitsmassnahmen umgesetzt werden konnten und streng eingehalten werden. Es steht uns gen\u00fcgend Schutzmaterial zur Verf\u00fcgung (Sterilium, Masken, Handschuhe, Oberfl\u00e4chendesinfektionsmittel). Der Wartebereich wurde angepasst, so dass gen\u00fcgend Abstand gew\u00e4hrleistet ist. Da nicht mehr alle Therapeuten gleichzeitig anwesend sind und arbeiten, hat es genug Platz f\u00fcr den Sicherheitsabstand zu anderen Kunden. Bitte kommen Sie m\u00f6glichst alleine in die Praxis.<br \/>Bitte halten Sie sich an die ausgeschilderten Hygienemassnahmen und bleiben Sie zu Hause, falls Sie Husten, Fieber, Durchfall, Hals-schmerzen oder Erk\u00e4ltungssymptome haben.<\/p><p style=\"text-align: justify;\">Vielen Dank f\u00fcr Ihr Verst\u00e4ndnis und bleiben Sie gesund.<\/p>\t\t\t\t\t<\/div>\n\t\t\t\t\t\t<\/div>\n\t\t\t\t<\/div>\n\t\t\t\t<div class=\"elementor-element elementor-element-3a90659 elementor-widget-divider--view-line elementor-widget elementor-widget-divider\" data-id=\"3a90659\" data-element_type=\"widget\" data-widget_type=\"divider.default\">\n\t\t\t\t<div class=\"elementor-widget-container\">\n\t\t\t\t\t<div class=\"elementor-divider\">\n\t\t\t<span class=\"elementor-divider-separator\">\n\t\t\t\t\t\t<\/span>\n\t\t<\/div>\n\t\t\t\t<\/div>\n\t\t\t\t<\/div>\n\t\t\t\t<div class=\"elementor-element elementor-element-71d9421 elementor-widget elementor-widget-text-editor\" data-id=\"71d9421\" data-element_type=\"widget\" data-widget_type=\"text-editor.default\">\n\t\t\t\t<div class=\"elementor-widget-container\">\n\t\t\t\t\t\t\t\t<div class=\"elementor-text-editor elementor-clearfix\">\n\t\t\t\t<p><span style=\"font-size: 8pt; color: #808080;\">19. M\u00e4rz 2020<\/span><\/p><p><strong>Informationen zur heutigen Situation<\/strong><\/p><p style=\"text-align: justify;\">Aufgrund der aktuellen Situation und auf Empfehlung vom Bundesamt f\u00fcr Gesundheit (BAG) und dem Berufsverband physioswiss haben wir uns entschlossen, nur noch nach Absprache mit unseren Patienten Therapien durchzuf\u00fchren. Kundinnen und Kunden, welche zu den Risikogruppen geh\u00f6ren, wird empfohlen, zu Hause zu bleiben. In medizinisch notwendigen F\u00e4llen bleiben unsere Dienstleistungen bestehen. Der Wartebereich befindet sich vor der Praxis und wir bitten alle, sich an die ausgeschilderten Hygiene-massnahmen zu halten. Bei Symptomen wir Fieber, Husten, Unwohlsein oder Gliederschmerzen bleiben Sie bitte zu Hause und kontaktieren telefonisch Ihren Hausarzt.<\/p><p style=\"text-align: justify;\">Besten Dank f\u00fcr Ihr Verst\u00e4ndnis und Ihre Mitarbeit!<\/p>\t\t\t\t\t<\/div>\n\t\t\t\t\t\t<\/div>\n\t\t\t\t<\/div>\n\t\t\t\t<div class=\"elementor-element elementor-element-bc4a2f3 elementor-widget-divider--view-line elementor-widget elementor-widget-divider\" data-id=\"bc4a2f3\" data-element_type=\"widget\" data-widget_type=\"divider.default\">\n\t\t\t\t<div class=\"elementor-widget-container\">\n\t\t\t\t\t<div class=\"elementor-divider\">\n\t\t\t<span class=\"elementor-divider-separator\">\n\t\t\t\t\t\t<\/span>\n\t\t<\/div>\n\t\t\t\t<\/div>\n\t\t\t\t<\/div>\n\t\t\t\t<div class=\"elementor-element elementor-element-f112b6f elementor-widget elementor-widget-text-editor\" data-id=\"f112b6f\" data-element_type=\"widget\" data-widget_type=\"text-editor.default\">\n\t\t\t\t<div class=\"elementor-widget-container\">\n\t\t\t\t\t\t\t\t<div class=\"elementor-text-editor elementor-clearfix\">\n\t\t\t\t<p><strong><span style=\"font-size: 8pt; color: #808080;\"><em>17. M\u00e4rz 2020<\/em><\/span><br \/>Heutige Situation<br \/><\/strong><\/p><p>Unsere Praxis bleibt nach wie vor ge\u00f6ffnet. Wir haben die Hygienemassnahmen versch\u00e4rft und arbeiten zum Schutz unserer Kunden ausschliesslich mit Mundschutz. Wir halten uns an die Vorgaben des Bundesamt f\u00fcr Gesundheit (BAG) und die Empfehlungen von Physioswiss. Wir bitten um Verst\u00e4ndnis und danken Ihnen f\u00fcr Ihre Mitarbeit.<\/p><p>F\u00fcr n\u00e4here Informationen zu Corona und den Hygienemassnahmen wenden Sie sich an folgende Adresse:<\/p><p><a href=\"https:\/\/www.bag.admin.ch\/bag\/de\/home\/krankheiten\/ausbrueche-epidemien-pandemien\/aktuelle-ausbrueche-epidemien\/novel-cov\/so-schuetzen-wir-uns.html\"><span style=\"font-size: 8pt;\">https:\/\/www.bag.admin.ch\/bag\/de\/home\/krankheiten\/ausbrueche-epidemien-pandemien\/aktuelle-ausbrueche-epidemien\/novel-cov\/so-schuetzen-wir-uns.html<\/span><\/a><\/p>\t\t\t\t\t<\/div>\n\t\t\t\t\t\t<\/div>\n\t\t\t\t<\/div>\n\t\t\t\t<div class=\"elementor-element elementor-element-661f70b elementor-widget-divider--view-line elementor-widget elementor-widget-divider\" data-id=\"661f70b\" data-element_type=\"widget\" data-widget_type=\"divider.default\">\n\t\t\t\t<div class=\"elementor-widget-container\">\n\t\t\t\t\t<div class=\"elementor-divider\">\n\t\t\t<span class=\"elementor-divider-separator\">\n\t\t\t\t\t\t<\/span>\n\t\t<\/div>\n\t\t\t\t<\/div>\n\t\t\t\t<\/div>\n\t\t\t\t<div class=\"elementor-element elementor-element-c48e3a6 elementor-widget elementor-widget-text-editor\" data-id=\"c48e3a6\" data-element_type=\"widget\" data-widget_type=\"text-editor.default\">\n\t\t\t\t<div class=\"elementor-widget-container\">\n\t\t\t\t\t\t\t\t<div class=\"elementor-text-editor elementor-clearfix\">\n\t\t\t\t<p><strong><span style=\"font-size: 8pt; color: #999999;\"><em>15. M\u00e4rz 2020<\/em><\/span><br \/>Aktuelle Situation<br \/><\/strong><\/p><p>Unsere Praxis bleibt wie gewohnt ge\u00f6ffnet. Da aufgrund der aktuellen Gesundheitssituation Massnahmen getroffen werden m\u00fcssen, bitten wir alle Kundinnen und Kunden, sich an die Hygienevorschriften zu halten. In der Praxis wird dar\u00fcber ausf\u00fchrlich informiert. Wir halten uns an die Vorgaben des Bundesamt f\u00fcr Gesundheit (BAG) und die Empfehlungen von Physioswiss. Wir bitten um Verst\u00e4ndnis und danken Ihnen f\u00fcr Ihre Mitarbeit.<\/p><p>F\u00fcr n\u00e4here Informationen zu Corona und den Hygienemassnahmen wenden Sie sich an folgende Adresse:<\/p><p><a href=\"https:\/\/www.bag.admin.ch\/bag\/de\/home\/krankheiten\/ausbrueche-epidemien-pandemien\/aktuelle-ausbrueche-epidemien\/novel-cov\/so-schuetzen-wir-uns.html\"><span style=\"font-size: 8pt;\"><span style=\"font-size: 10pt;\">https:\/\/www.bag.admin.ch\/bag\/de\/home\/krankheiten\/ausbrueche-epidemien-pandemien\/aktuelle-ausbrueche-epidemien\/novel-cov\/so-schuetzen-wir-uns.html<\/span><\/span><\/a><\/p>\t\t\t\t\t<\/div>\n\t\t\t\t\t\t<\/div>\n\t\t\t\t<\/div>\n\t\t\t\t<div class=\"elementor-element elementor-element-cf0e852 elementor-widget-divider--view-line elementor-widget elementor-widget-divider\" data-id=\"cf0e852\" data-element_type=\"widget\" data-widget_type=\"divider.default\">\n\t\t\t\t<div class=\"elementor-widget-container\">\n\t\t\t\t\t<div class=\"elementor-divider\">\n\t\t\t<span class=\"elementor-divider-separator\">\n\t\t\t\t\t\t<\/span>\n\t\t<\/div>\n\t\t\t\t<\/div>\n\t\t\t\t<\/div>\n\t\t\t\t<div class=\"elementor-element elementor-element-396d184 elementor-widget elementor-widget-text-editor\" data-id=\"396d184\" data-element_type=\"widget\" data-widget_type=\"text-editor.default\">\n\t\t\t\t<div class=\"elementor-widget-container\">\n\t\t\t\t\t\t\t\t<div class=\"elementor-text-editor elementor-clearfix\">\n\t\t\t\t<p><img loading=\"lazy\" decoding=\"async\" class=\"alignright wp-image-28 size-medium\" src=\"https:\/\/awida.ch\/wordpress\/wp-content\/uploads\/slider2\/Home05-300x200.jpeg\" alt=\"Startseite\" width=\"300\" height=\"200\" srcset=\"https:\/\/www.awida.ch\/wp-content\/uploads\/slider2\/Home05-300x200.jpeg 300w, https:\/\/www.awida.ch\/wp-content\/uploads\/slider2\/Home05-768x512.jpeg 768w, https:\/\/www.awida.ch\/wp-content\/uploads\/slider2\/Home05.jpeg 900w\" sizes=\"auto, (max-width: 300px) 100vw, 300px\" \/><strong><span style=\"color: #808080;\"><em><span style=\"font-size: 8pt;\">27. Dezember 2019<\/span><\/em><\/span><br \/>Jahreswechsel<\/strong><\/p><p style=\"text-align: justify;\">Wir w\u00fcnschen Ihnen von Herzen einen guten Rutsch ins 2020 und einen gesunden und kraftvollen Start ins neue Jahr! F\u00fcr das entgegengebrachte Vertrauen im vergangenen Jahr bedanken wir uns bei allen Kundinnen und Kunden und hoffen, Sie weiterhin auf Ihrem Weg unterst\u00fctzen zu d\u00fcrfen.<\/p>\t\t\t\t\t<\/div>\n\t\t\t\t\t\t<\/div>\n\t\t\t\t<\/div>\n\t\t\t\t<div class=\"elementor-element elementor-element-ca74560 elementor-widget-divider--view-line elementor-widget elementor-widget-divider\" data-id=\"ca74560\" data-element_type=\"widget\" data-widget_type=\"divider.default\">\n\t\t\t\t<div class=\"elementor-widget-container\">\n\t\t\t\t\t<div class=\"elementor-divider\">\n\t\t\t<span class=\"elementor-divider-separator\">\n\t\t\t\t\t\t<\/span>\n\t\t<\/div>\n\t\t\t\t<\/div>\n\t\t\t\t<\/div>\n\t\t\t\t<div class=\"elementor-element elementor-element-5161c8c elementor-widget elementor-widget-text-editor\" data-id=\"5161c8c\" data-element_type=\"widget\" data-widget_type=\"text-editor.default\">\n\t\t\t\t<div class=\"elementor-widget-container\">\n\t\t\t\t\t\t\t\t<div class=\"elementor-text-editor elementor-clearfix\">\n\t\t\t\t<p><img loading=\"lazy\" decoding=\"async\" class=\"wp-image-66 alignright\" src=\"https:\/\/awida.ch\/wordpress\/wp-content\/uploads\/2019\/06\/hind-250x300.jpg\" alt=\"\" width=\"150\" height=\"180\" \/><strong><span style=\"color: #808080;\"><em><span style=\"font-size: 8pt;\">01. Juli 2019<\/span><\/em><\/span><br \/>Neue Mitarbeiterin: Hind Chouikh<\/strong><\/p><p style=\"text-align: justify;\">Wir freuen uns, Ihnen unsere neue Mitarbeiterin Frau Hind Chouikh vorzustellen. Sie ist die Nachfolgerin von Frau Jenny V\u00f6gtlin, die die Praxis aufgrund einer beruflichen Neuorientierung verlassen hat. Wir w\u00fcnschen Frau V\u00f6gtlin auf ihrem weiteren Weg alles Gute und Frau Chouikh viel Freude an ihrer neuen Aufgabe als Physiotherapeutin bei uns in der Praxis.<\/p>\t\t\t\t\t<\/div>\n\t\t\t\t\t\t<\/div>\n\t\t\t\t<\/div>\n\t\t\t\t<div class=\"elementor-element elementor-element-fdfefd2 elementor-widget-divider--view-line elementor-widget elementor-widget-divider\" data-id=\"fdfefd2\" data-element_type=\"widget\" data-widget_type=\"divider.default\">\n\t\t\t\t<div class=\"elementor-widget-container\">\n\t\t\t\t\t<div class=\"elementor-divider\">\n\t\t\t<span class=\"elementor-divider-separator\">\n\t\t\t\t\t\t<\/span>\n\t\t<\/div>\n\t\t\t\t<\/div>\n\t\t\t\t<\/div>\n\t\t\t\t<div class=\"elementor-element elementor-element-6dbb575 elementor-widget elementor-widget-text-editor\" data-id=\"6dbb575\" data-element_type=\"widget\" data-widget_type=\"text-editor.default\">\n\t\t\t\t<div class=\"elementor-widget-container\">\n\t\t\t\t\t\t\t\t<div class=\"elementor-text-editor elementor-clearfix\">\n\t\t\t\t\t\t\t\t\t<\/div>\n\t\t\t\t\t\t<\/div>\n\t\t\t\t<\/div>\n\t\t\t\t<div class=\"elementor-element elementor-element-30f0678f elementor-widget elementor-widget-text-editor\" data-id=\"30f0678f\" data-element_type=\"widget\" data-widget_type=\"text-editor.default\">\n\t\t\t\t<div class=\"elementor-widget-container\">\n\t\t\t\t\t\t\t\t<div class=\"elementor-text-editor elementor-clearfix\">\n\t\t\t\t\t\t\t\t\t<\/div>\n\t\t\t\t\t\t<\/div>\n\t\t\t\t<\/div>\n\t\t\t\t\t\t<\/div>\n\t\t\t\t\t<\/div>\n\t\t<\/div>\n\t\t\t\t\t\t\t\t<\/div>\n\t\t\t\t\t<\/div>\n\t\t<\/section>\n\t\t\t\t\t\t\t\t\t<\/div>\n\t\t\t<\/div>\n\t\t\t\t\t<\/div>\n\t\t","protected":false},"excerpt":{"rendered":"<p>NEWS 11.08.2026 Einf\u00fchrung Bearbeitungs- und Mahngeb\u00fchren Seit dem Umstellen auf die elektronische Abrechnung inkl. dem Versenden der Patientenkopien entstehen der Praxis monatlich zus\u00e4tzliche Kosten. Die Einf\u00fchrung erfolgte aufgrund der Vorgaben im Gesundheitswesen und liegt nicht im Ermessen unserer Praxis. Seit Jahren steigen die Kosten und dei Anforderungen, welche an uns gestellt werden.\u00a0 Ich m\u00f6chte Sie &hellip;<\/p>\n","protected":false},"author":1,"featured_media":0,"parent":0,"menu_order":1,"comment_status":"closed","ping_status":"closed","template":"","meta":{"_exactmetrics_skip_tracking":false,"_exactmetrics_sitenote_active":false,"_exactmetrics_sitenote_note":"","_exactmetrics_sitenote_category":0,"footnotes":""},"class_list":["post-240","page","type-page","status-publish","hentry","post","without-featured-image"],"_links":{"self":[{"href":"https:\/\/www.awida.ch\/index.php\/wp-json\/wp\/v2\/pages\/240","targetHints":{"allow":["GET"]}}],"collection":[{"href":"https:\/\/www.awida.ch\/index.php\/wp-json\/wp\/v2\/pages"}],"about":[{"href":"https:\/\/www.awida.ch\/index.php\/wp-json\/wp\/v2\/types\/page"}],"author":[{"embeddable":true,"href":"https:\/\/www.awida.ch\/index.php\/wp-json\/wp\/v2\/users\/1"}],"replies":[{"embeddable":true,"href":"https:\/\/www.awida.ch\/index.php\/wp-json\/wp\/v2\/comments?post=240"}],"version-history":[{"count":300,"href":"https:\/\/www.awida.ch\/index.php\/wp-json\/wp\/v2\/pages\/240\/revisions"}],"predecessor-version":[{"id":1078,"href":"https:\/\/www.awida.ch\/index.php\/wp-json\/wp\/v2\/pages\/240\/revisions\/1078"}],"wp:attachment":[{"href":"https:\/\/www.awida.ch\/index.php\/wp-json\/wp\/v2\/media?parent=240"}],"curies":[{"name":"wp","href":"https:\/\/api.w.org\/{rel}","templated":true}]}}